{"id":2948,"date":"2018-07-11T02:38:54","date_gmt":"2018-07-11T02:38:54","guid":{"rendered":"https:\/\/www.assoapri.it\/it\/?page_id=2948"},"modified":"2024-10-22T15:33:46","modified_gmt":"2024-10-22T13:33:46","slug":"chi-siamo","status":"publish","type":"page","link":"https:\/\/www.assoapri.it\/it\/chi-siamo\/","title":{"rendered":"Associazione APRI"},"content":{"rendered":"<div class=\"wpb-content-wrapper\"><p>[vc_row column_separator=&#8221;01&#8243;][vc_column][tm_heading tag=&#8221;h2&#8243; custom_google_font=&#8221;&#8221; google_fonts=&#8221;font_family:Poppins%3A300%2Cregular%2C500%2C600%2C700|font_style:700%20bold%20regular%3A700%3Anormal&#8221; align=&#8221;center&#8221; text_color=&#8221;primary&#8221; text=&#8221;Gli obiettivi di A.P.R.I.&#8221;][tm_heading tag=&#8221;p&#8221; custom_google_font=&#8221;&#8221; google_fonts=&#8221;font_family:Delius%3Aregular|font_style:400%20regular%3A400%3Anormal&#8221; align=&#8221;center&#8221; text_color=&#8221;primary&#8221; text=&#8221;Associazione Professionisti Risanamento Imprese&#8221; font_size=&#8221;lg:24&#8243; line_height=&#8221;1.4&#8243;][\/vc_column][\/vc_row][vc_row full_width=&#8221;stretch_row_content&#8221; equal_height=&#8221;yes&#8221;][vc_column offset=&#8221;vc_hidden-xs&#8221;][tm_spacer size=&#8221;lg:50&#8243;][tm_slider_group style=&#8221;separator&#8221; equal_height=&#8221;1&#8243; pagination=&#8221;1&#8243; gutter=&#8221;30&#8243; custom_border_color=&#8221;&#8221; items_display=&#8221;xs:1;sm:2;md:3;lg:4&#8243;][tm_box_icon style=&#8221;11&#8243; align=&#8221;center&#8221; icon_type=&#8221;icomoon&#8221; icon_icomoon=&#8221;icomoon-settings-1&#8243; animation=&#8221;none&#8221; heading_color=&#8221;primary&#8221; icon_color=&#8221;secondary&#8221; background_color=&#8221;custom&#8221; heading=&#8221;Soluzioni per il Risanamento&#8221; link=&#8221;|||&#8221; text=&#8221;Promuovere lo studio delle tematiche inerenti lo stato di crisi aziendale e la ricerca delle soluzioni per il Risanamento dell\u2019impresa e sviluppare la cultura imprenditoriale e manageriale sulla gestione delle fasi anticipatorie delle crisi aziendali&#8221; button=&#8221;|||&#8221; icon_font_size=&#8221;lg:50&#8243;][tm_box_icon style=&#8221;11&#8243; align=&#8221;center&#8221; icon_type=&#8221;icomoon&#8221; icon_icomoon=&#8221;icomoon-information&#8221; heading_color=&#8221;primary&#8221; icon_color=&#8221;secondary&#8221; heading=&#8221;Informazione scientifica&#8221; link=&#8221;|||&#8221; text=&#8221;Organizzare direttamente o indirettamente attivit\u00e0 di informazione scientifica collegandosi a strutture pubbliche e private attraverso convegni, seminari, dibattiti, conferenze.&#8221; button=&#8221;|||&#8221; icon_font_size=&#8221;lg:50&#8243;][tm_box_icon style=&#8221;11&#8243; align=&#8221;center&#8221; icon_type=&#8221;icomoon&#8221; icon_icomoon=&#8221;icomoon-user-3&#8243; heading_color=&#8221;primary&#8221; icon_color=&#8221;secondary&#8221; custom_border_color=&#8221;&#8221; heading=&#8221;Gruppi di Professionisti&#8221; link=&#8221;|||&#8221; text=&#8221;Formare su tutto il territorio nazionale gruppi di professionisti specializzati che intervengono in situazioni di Prevenzione, Gestione e Risanamento Crisi d\u2019impresa.&#8221; button=&#8221;|||&#8221; icon_font_size=&#8221;lg:50&#8243;][tm_box_icon style=&#8221;11&#8243; align=&#8221;center&#8221; icon_type=&#8221;icomoon&#8221; icon_icomoon=&#8221;icomoon-book&#8221; heading_color=&#8221;primary&#8221; icon_color=&#8221;secondary&#8221; heading=&#8221;Eventi e corsi di formazione&#8221; link=&#8221;|||&#8221; text=&#8221;Organizzare o partecipare all\u2019organizzazione di convegni, seminari, corsi di formazione e di specializzazione sulla Prevenzione, Gestione e Risanamento Crisi d\u2019impresa.&#8221; button=&#8221;|||&#8221; icon_font_size=&#8221;lg:50&#8243;][\/tm_slider_group][tm_spacer size=&#8221;lg:100&#8243;][\/vc_column][\/vc_row][vc_row equal_height=&#8221;yes&#8221; column_separator=&#8221;01&#8243;][vc_column width=&#8221;1\/2&#8243; offset=&#8221;vc_hidden-lg vc_hidden-md vc_hidden-sm&#8221;][tm_box_icon style=&#8221;5&#8243; align=&#8221;center&#8221; icon_type=&#8221;icomoon&#8221; icon_icomoon=&#8221;icomoon-settings-1&#8243; animation=&#8221;none&#8221; heading_color=&#8221;primary&#8221; icon_color=&#8221;secondary&#8221; heading=&#8221;Soluzioni per il Risanamento&#8221; link=&#8221;|||&#8221; text=&#8221;Promuovere lo studio delle tematiche inerenti lo stato di crisi aziendale e la ricerca delle soluzioni per il Risanamento dell\u2019impresa e sviluppare la cultura imprenditoriale e manageriale sulla gestione delle fasi anticipatorie delle crisi aziendali&#8221; button=&#8221;|||&#8221; icon_font_size=&#8221;lg:50&#8243;][\/vc_column][vc_column width=&#8221;1\/2&#8243; offset=&#8221;vc_hidden-lg vc_hidden-md vc_hidden-sm&#8221;][tm_box_icon style=&#8221;5&#8243; align=&#8221;center&#8221; icon_type=&#8221;icomoon&#8221; icon_icomoon=&#8221;icomoon-information&#8221; heading_color=&#8221;primary&#8221; icon_color=&#8221;secondary&#8221; heading=&#8221;Informazione scientifica&#8221; link=&#8221;|||&#8221; text=&#8221;Organizzare direttamente o indirettamente attivit\u00e0 di informazione scientifica collegandosi a strutture pubbliche e private attraverso convegni, seminari, dibattiti, conferenze.&#8221; button=&#8221;|||&#8221; icon_font_size=&#8221;lg:50&#8243;][\/vc_column][\/vc_row][vc_row equal_height=&#8221;yes&#8221; column_separator=&#8221;01&#8243;][vc_column width=&#8221;1\/2&#8243; offset=&#8221;vc_hidden-lg vc_hidden-md vc_hidden-sm&#8221;][tm_box_icon style=&#8221;5&#8243; align=&#8221;center&#8221; icon_type=&#8221;icomoon&#8221; icon_icomoon=&#8221;icomoon-user-3&#8243; heading_color=&#8221;primary&#8221; icon_color=&#8221;secondary&#8221; custom_border_color=&#8221;&#8221; heading=&#8221;Gruppi di Professionisti&#8221; link=&#8221;|||&#8221; text=&#8221;Formare su tutto il territorio nazionale gruppi di professionisti specializzati che intervengono in situazioni di Prevenzione, Gestione e Risanamento Crisi d\u2019impresa.&#8221; button=&#8221;|||&#8221; icon_font_size=&#8221;lg:50&#8243;][\/vc_column][vc_column width=&#8221;1\/2&#8243; offset=&#8221;vc_hidden-lg vc_hidden-md vc_hidden-sm&#8221;][tm_box_icon style=&#8221;5&#8243; align=&#8221;center&#8221; icon_type=&#8221;icomoon&#8221; icon_icomoon=&#8221;icomoon-book&#8221; heading_color=&#8221;primary&#8221; icon_color=&#8221;secondary&#8221; heading=&#8221;Eventi e corsi di formazione&#8221; link=&#8221;|||&#8221; text=&#8221;Organizzare o partecipare all\u2019organizzazione di convegni, seminari, corsi di formazione e di specializzazione sulla Prevenzione, Gestione e Risanamento Crisi d\u2019impresa.&#8221; button=&#8221;|||&#8221; icon_font_size=&#8221;lg:50&#8243;][\/vc_column][\/vc_row][vc_row full_width=&#8221;stretch_row_content_no_spaces&#8221; content_placement=&#8221;middle&#8221; background_color=&#8221;custom&#8221; custom_background_color=&#8221;#f7f7f7&#8243;][vc_column width=&#8221;1\/3&#8243; offset=&#8221;vc_hidden-md vc_hidden-sm vc_hidden-xs&#8221; background_image=&#8221;3391&#8243;][\/vc_column][vc_column offset=&#8221;vc_col-lg-8&#8243; lg_spacing=&#8221;padding_left:200&#8243; md_spacing=&#8221;padding_left:0&#8243;][vc_row_inner md_content_alignment=&#8221;center&#8221; lg_spacing=&#8221;padding_top:100;padding_bottom:100&#8243; max_width=&#8221;670px&#8221;][vc_column_inner][tm_heading tag=&#8221;h2&#8243; custom_google_font=&#8221;&#8221; text_color=&#8221;primary&#8221; text=&#8221;Le attivit\u00e0 di A.P.R.I.&#8221; font_size=&#8221;sm:28;md:36;lg:40&#8243;][tm_spacer size=&#8221;lg:45&#8243;][tm_heading tag=&#8221;p&#8221; custom_google_font=&#8221;&#8221; google_fonts=&#8221;font_family:Poppins%3A300%2Cregular%2C500%2C600%2C700|font_style:500%20medium%20regular%3A500%3Anormal&#8221; text_color=&#8221;secondary&#8221; text=&#8221;APRI, l&#8217;associazione senza scopo di lucro, formata da professionisti specializzati in prevenzione, gestione e risanamento crisi d&#8217;impresa svolge diverse attivit\u00e0.&#8221; font_size=&#8221;lg:17&#8243;][tm_spacer size=&#8221;lg:20&#8243;][tm_heading tag=&#8221;p&#8221; custom_google_font=&#8221;&#8221; icon_type=&#8221;ion&#8221; icon_ion=&#8221;ion-android-checkmark-circle&#8221; icon_color=&#8221;primary&#8221; text=&#8221;Promuove lo <mark>studio<\/mark> delle tematiche inerenti lo stato di crisi e la ricerca di <mark>soluzioni per risanare le imprese<\/mark>;&#8221; icon_font_size=&#8221;lg:24&#8243; font_size=&#8221;lg:17&#8243;][tm_heading tag=&#8221;p&#8221; custom_google_font=&#8221;&#8221; icon_type=&#8221;ion&#8221; icon_ion=&#8221;ion-android-checkmark-circle&#8221; icon_color=&#8221;primary&#8221; text=&#8221;Sviluppa la <mark>cultura imprenditoriale<\/mark> sulla gestione delle fasi anticipatorie delle crisi aziendali;&#8221; icon_font_size=&#8221;lg:24&#8243; font_size=&#8221;lg:17&#8243;][tm_heading tag=&#8221;p&#8221; custom_google_font=&#8221;&#8221; icon_type=&#8221;ion&#8221; icon_ion=&#8221;ion-android-checkmark-circle&#8221; icon_color=&#8221;primary&#8221; text=&#8221;Organizza e promuove <mark>convegni, seminari, corsi <\/mark>e supporta i propri iscritti nelle competenze sul risanamento aziendale;&#8221; icon_font_size=&#8221;lg:24&#8243; font_size=&#8221;lg:17&#8243;][tm_heading tag=&#8221;p&#8221; custom_google_font=&#8221;&#8221; icon_type=&#8221;ion&#8221; icon_ion=&#8221;ion-android-checkmark-circle&#8221; icon_color=&#8221;primary&#8221; text=&#8221;Promuove l\u2019immagine pubblica e l\u2019attivit\u00e0 dell\u2019associazione, nonch\u00e8 la <mark>cultura del risanamento aziendale<\/mark> presso Enti ed Istituzioni sia pubbliche che private;&#8221; icon_font_size=&#8221;lg:24&#8243; font_size=&#8221;lg:17&#8243;][tm_heading tag=&#8221;p&#8221; custom_google_font=&#8221;&#8221; icon_type=&#8221;ion&#8221; icon_ion=&#8221;ion-android-checkmark-circle&#8221; icon_color=&#8221;primary&#8221; text=&#8221;Intrattiene rapporti con le Universit\u00e0, le Associazioni di categoria, gli Ordini professionali, le Banche, i Consorzi Fidi, i Tribunali, le C.C.I.A.A., i Consulenti legali, le Societ\u00e0 di consulenza, le Associazioni similari in materia ed altre Istituzioni pubbliche e private;&#8221; icon_font_size=&#8221;lg:24&#8243; font_size=&#8221;lg:17&#8243;][tm_heading tag=&#8221;p&#8221; custom_google_font=&#8221;&#8221; icon_type=&#8221;ion&#8221; icon_ion=&#8221;ion-android-checkmark-circle&#8221; icon_color=&#8221;primary&#8221; text=&#8221;Promuove <mark>attivit\u00e0 editoriali e pubblicazioni<\/mark> idonee a diffondere i risultati delle proprie attivit\u00e0, a diffondere studi, ricerche, notizie ed ogni altro lavoro che risulti utile al raggiungimento delle proprie finalit\u00e0;&#8221; icon_font_size=&#8221;lg:24&#8243; font_size=&#8221;lg:17&#8243;][tm_heading tag=&#8221;p&#8221; custom_google_font=&#8221;&#8221; icon_type=&#8221;ion&#8221; icon_ion=&#8221;ion-android-checkmark-circle&#8221; icon_color=&#8221;primary&#8221; text=&#8221;Forma su tutto il territorio nazionale <mark>gruppi di Professionisti specializzati<\/mark> che intervengono in situazioni di <mark>Prevenzione e Risanamento Crisi d\u2019impresa<\/mark>;&#8221; icon_font_size=&#8221;lg:24&#8243; font_size=&#8221;lg:17&#8243;][tm_heading tag=&#8221;p&#8221; custom_google_font=&#8221;&#8221; icon_type=&#8221;ion&#8221; icon_ion=&#8221;ion-android-checkmark-circle&#8221; icon_color=&#8221;primary&#8221; text=&#8221;Intrattiene <mark>contatti con TMA-Turnaround Management Association, <\/mark>organizzazione internazionale &#8220;non profit&#8220; di riferimento dedicata ai temi delle ristrutturazioni aziendali ed alla gestione del<mark> &#8220;turnaround&#8220;<\/mark>.&#8221; icon_font_size=&#8221;lg:24&#8243; font_size=&#8221;lg:17&#8243;][\/vc_column_inner][\/vc_row_inner][\/vc_column][\/vc_row][vc_row full_width=&#8221;stretch_row&#8221; hide_background_image=&#8221;sm&#8221; background_image=&#8221;1659&#8243; lg_spacing=&#8221;padding_top:100&#8243;][vc_column][tm_spacer size=&#8221;lg:84&#8243;][tm_heading custom_google_font=&#8221;&#8221; align=&#8221;center&#8221; text=&#8221;Comitato Direttivo&#8221; font_size=&#8221;md:36;lg:40&#8243;][tm_spacer size=&#8221;lg:84&#8243;][tm_grid gutter=&#8221;30&#8243; row_gutter=&#8221;30&#8243; columns=&#8221;xs:1;sm:2;md:3;lg:4&#8243;][tm_team_member style=&#8221;2&#8243; social_networks=&#8221;%5B%5D&#8221; name=&#8221;Dott. Andrea Panizza&#8221; position=&#8221;Presidente&#8221;][tm_team_member style=&#8221;2&#8243; social_networks=&#8221;%5B%7B%22icon_fontawesome%22%3A%22fa%20fa-adjust%22%2C%22icon_ion%22%3A%22ion-alert%22%2C%22icon_themify%22%3A%22ti-arrow-up%22%2C%22icon_pe7stroke%22%3A%22pe-7s-album%22%2C%22icon_flat%22%3A%22flaticon-heartbeat%22%2C%22icon_tractor%22%3A%22tractor-chat%22%2C%22icon_icomoon%22%3A%22icomoon-alarm-clock%22%7D%5D&#8221; name=&#8221;Prof.ssa Patrizia Riva&#8221; position=&#8221;Vice Presidente&#8221;][tm_team_member style=&#8221;2&#8243; social_networks=&#8221;%5B%7B%22icon_fontawesome%22%3A%22fa%20fa-adjust%22%2C%22icon_ion%22%3A%22ion-alert%22%2C%22icon_themify%22%3A%22ti-arrow-up%22%2C%22icon_pe7stroke%22%3A%22pe-7s-album%22%2C%22icon_flat%22%3A%22flaticon-heartbeat%22%2C%22icon_tractor%22%3A%22tractor-chat%22%2C%22icon_icomoon%22%3A%22icomoon-alarm-clock%22%7D%5D&#8221; name=&#8221;Dott. Raffaele Gallina&#8221; position=&#8221;Vice-Presidente&#8221;][tm_team_member style=&#8221;2&#8243; social_networks=&#8221;%5B%7B%22icon_fontawesome%22%3A%22fa%20fa-adjust%22%2C%22icon_ion%22%3A%22ion-alert%22%2C%22icon_themify%22%3A%22ti-arrow-up%22%2C%22icon_pe7stroke%22%3A%22pe-7s-album%22%2C%22icon_flat%22%3A%22flaticon-heartbeat%22%2C%22icon_tractor%22%3A%22tractor-chat%22%2C%22icon_icomoon%22%3A%22icomoon-alarm-clock%22%7D%5D&#8221; name=&#8221;Dott. Marco Anesa&#8221; position=&#8221;Segretario&#8221;][tm_team_member style=&#8221;2&#8243; social_networks=&#8221;%5B%7B%22icon_fontawesome%22%3A%22fa%20fa-adjust%22%2C%22icon_ion%22%3A%22ion-alert%22%2C%22icon_themify%22%3A%22ti-arrow-up%22%2C%22icon_pe7stroke%22%3A%22pe-7s-album%22%2C%22icon_flat%22%3A%22flaticon-heartbeat%22%2C%22icon_tractor%22%3A%22tractor-chat%22%2C%22icon_icomoon%22%3A%22icomoon-alarm-clock%22%7D%5D&#8221; name=&#8221;Dott. Gilberto Montecchi&#8221; position=&#8221;Tesoriere&#8221;][tm_team_member style=&#8221;2&#8243; social_networks=&#8221;%5B%7B%22icon_fontawesome%22%3A%22fa%20fa-adjust%22%2C%22icon_ion%22%3A%22ion-alert%22%2C%22icon_themify%22%3A%22ti-arrow-up%22%2C%22icon_pe7stroke%22%3A%22pe-7s-album%22%2C%22icon_flat%22%3A%22flaticon-heartbeat%22%2C%22icon_tractor%22%3A%22tractor-chat%22%2C%22icon_icomoon%22%3A%22icomoon-alarm-clock%22%7D%5D&#8221; name=&#8221;Dott. Fabio Andreoli&#8221; position=&#8221;Consigliere&#8221;][tm_team_member style=&#8221;2&#8243; social_networks=&#8221;%5B%7B%22icon_fontawesome%22%3A%22fa%20fa-adjust%22%2C%22icon_ion%22%3A%22ion-alert%22%2C%22icon_themify%22%3A%22ti-arrow-up%22%2C%22icon_pe7stroke%22%3A%22pe-7s-album%22%2C%22icon_flat%22%3A%22flaticon-heartbeat%22%2C%22icon_tractor%22%3A%22tractor-chat%22%2C%22icon_icomoon%22%3A%22icomoon-alarm-clock%22%7D%5D&#8221; name=&#8221;Dott. Bruno Bartoli&#8221; position=&#8221;Consigliere&#8221;][tm_team_member style=&#8221;2&#8243; social_networks=&#8221;%5B%7B%22icon_fontawesome%22%3A%22fa%20fa-adjust%22%2C%22icon_ion%22%3A%22ion-alert%22%2C%22icon_themify%22%3A%22ti-arrow-up%22%2C%22icon_pe7stroke%22%3A%22pe-7s-album%22%2C%22icon_flat%22%3A%22flaticon-heartbeat%22%2C%22icon_tractor%22%3A%22tractor-chat%22%2C%22icon_icomoon%22%3A%22icomoon-alarm-clock%22%7D%5D&#8221; name=&#8221;Avv. Marta Bellini&#8221; position=&#8221;Consigliere&#8221;][tm_team_member style=&#8221;2&#8243; social_networks=&#8221;%5B%7B%22icon_fontawesome%22%3A%22fa%20fa-adjust%22%2C%22icon_ion%22%3A%22ion-alert%22%2C%22icon_themify%22%3A%22ti-arrow-up%22%2C%22icon_pe7stroke%22%3A%22pe-7s-album%22%2C%22icon_flat%22%3A%22flaticon-heartbeat%22%2C%22icon_tractor%22%3A%22tractor-chat%22%2C%22icon_icomoon%22%3A%22icomoon-alarm-clock%22%7D%5D&#8221; name=&#8221;Avv. Luca Cal\u00f2&#8221; position=&#8221;Consigliere&#8221;][tm_team_member style=&#8221;2&#8243; social_networks=&#8221;%5B%7B%22icon_fontawesome%22%3A%22fa%20fa-adjust%22%2C%22icon_ion%22%3A%22ion-alert%22%2C%22icon_themify%22%3A%22ti-arrow-up%22%2C%22icon_pe7stroke%22%3A%22pe-7s-album%22%2C%22icon_flat%22%3A%22flaticon-heartbeat%22%2C%22icon_tractor%22%3A%22tractor-chat%22%2C%22icon_icomoon%22%3A%22icomoon-alarm-clock%22%7D%5D&#8221; name=&#8221;Rag. Giorgio Crivellari&#8221; position=&#8221;Consigliere&#8221;][tm_team_member style=&#8221;2&#8243; social_networks=&#8221;%5B%7B%22icon_fontawesome%22%3A%22fa%20fa-adjust%22%2C%22icon_ion%22%3A%22ion-alert%22%2C%22icon_themify%22%3A%22ti-arrow-up%22%2C%22icon_pe7stroke%22%3A%22pe-7s-album%22%2C%22icon_flat%22%3A%22flaticon-heartbeat%22%2C%22icon_tractor%22%3A%22tractor-chat%22%2C%22icon_icomoon%22%3A%22icomoon-alarm-clock%22%7D%5D&#8221; name=&#8221;Dott. Francesco Puccio&#8221; position=&#8221;Consigliere&#8221;][\/tm_grid][tm_spacer size=&#8221;lg:85&#8243;][tm_heading custom_google_font=&#8221;&#8221; align=&#8221;center&#8221; text=&#8221;Presidente Onorario&#8221; font_size=&#8221;md:30;lg:34&#8243;][tm_heading tag=&#8221;p&#8221; custom_google_font=&#8221;&#8221; google_fonts=&#8221;font_family:Poppins%3A300%2Cregular%2C500%2C600%2C700|font_style:700%20bold%20regular%3A700%3Anormal&#8221; font_weight=&#8221;700&#8243; align=&#8221;center&#8221; text=&#8221;Dott. Ezio Busato&#8221; font_size=&#8221;md:20;lg:20&#8243; css=&#8221;.vc_custom_1685699359636{padding-top: 20px !important;}&#8221;][tm_spacer size=&#8221;lg:112&#8243;][\/vc_column][\/vc_row][vc_row full_width=&#8221;stretch_row&#8221; background_color=&#8221;custom&#8221; lg_spacing=&#8221;padding_top:100&#8243; custom_background_color=&#8221;#f7f7f7&#8243;][vc_column][tm_heading custom_google_font=&#8221;&#8221; align=&#8221;center&#8221; text=&#8221;A.P.R.I. Academy&#8221; font_size=&#8221;md:36;lg:40&#8243;][tm_spacer size=&#8221;lg:84&#8243;][tm_grid gutter=&#8221;30&#8243; row_gutter=&#8221;30&#8243; columns=&#8221;xs:1;sm:2;md:3;lg:4&#8243;][tm_team_member style=&#8221;2&#8243; animation=&#8221;none&#8221; social_networks=&#8221;%5B%7B%22icon_fontawesome%22%3A%22fa%20fa-adjust%22%2C%22icon_ion%22%3A%22ion-alert%22%2C%22icon_themify%22%3A%22ti-arrow-up%22%2C%22icon_pe7stroke%22%3A%22pe-7s-album%22%2C%22icon_flat%22%3A%22flaticon-heartbeat%22%2C%22icon_tractor%22%3A%22tractor-chat%22%2C%22icon_icomoon%22%3A%22icomoon-alarm-clock%22%7D%5D&#8221; name=&#8221;Dott. Francesco Diana&#8221; position=&#8221;Responsabile&#8221;][tm_team_member style=&#8221;2&#8243; animation=&#8221;none&#8221; social_networks=&#8221;%5B%7B%22icon_fontawesome%22%3A%22fa%20fa-adjust%22%2C%22icon_ion%22%3A%22ion-alert%22%2C%22icon_themify%22%3A%22ti-arrow-up%22%2C%22icon_pe7stroke%22%3A%22pe-7s-album%22%2C%22icon_flat%22%3A%22flaticon-heartbeat%22%2C%22icon_tractor%22%3A%22tractor-chat%22%2C%22icon_icomoon%22%3A%22icomoon-alarm-clock%22%7D%5D&#8221; name=&#8221;Dott. Marco Biolchini&#8221; position=&#8221;Componente&#8221;][tm_team_member style=&#8221;2&#8243; animation=&#8221;none&#8221; social_networks=&#8221;%5B%7B%22icon_fontawesome%22%3A%22fa%20fa-adjust%22%2C%22icon_ion%22%3A%22ion-alert%22%2C%22icon_themify%22%3A%22ti-arrow-up%22%2C%22icon_pe7stroke%22%3A%22pe-7s-album%22%2C%22icon_flat%22%3A%22flaticon-heartbeat%22%2C%22icon_tractor%22%3A%22tractor-chat%22%2C%22icon_icomoon%22%3A%22icomoon-alarm-clock%22%7D%5D&#8221; name=&#8221;Dott. Claudio Bottos&#8221; position=&#8221;Componente&#8221;][tm_team_member style=&#8221;2&#8243; animation=&#8221;none&#8221; social_networks=&#8221;%5B%7B%22icon_fontawesome%22%3A%22fa%20fa-adjust%22%2C%22icon_ion%22%3A%22ion-alert%22%2C%22icon_themify%22%3A%22ti-arrow-up%22%2C%22icon_pe7stroke%22%3A%22pe-7s-album%22%2C%22icon_flat%22%3A%22flaticon-heartbeat%22%2C%22icon_tractor%22%3A%22tractor-chat%22%2C%22icon_icomoon%22%3A%22icomoon-alarm-clock%22%7D%5D&#8221; name=&#8221;Dott. Simone Braidotti&#8221; position=&#8221;Componente&#8221;][tm_team_member style=&#8221;2&#8243; animation=&#8221;none&#8221; social_networks=&#8221;%5B%7B%22icon_fontawesome%22%3A%22fa%20fa-adjust%22%2C%22icon_ion%22%3A%22ion-alert%22%2C%22icon_themify%22%3A%22ti-arrow-up%22%2C%22icon_pe7stroke%22%3A%22pe-7s-album%22%2C%22icon_flat%22%3A%22flaticon-heartbeat%22%2C%22icon_tractor%22%3A%22tractor-chat%22%2C%22icon_icomoon%22%3A%22icomoon-alarm-clock%22%7D%5D&#8221; name=&#8221;Dott. Antonio Castaldo&#8221; position=&#8221;Componente&#8221;][tm_team_member style=&#8221;2&#8243; animation=&#8221;none&#8221; social_networks=&#8221;%5B%7B%22icon_fontawesome%22%3A%22fa%20fa-adjust%22%2C%22icon_ion%22%3A%22ion-alert%22%2C%22icon_themify%22%3A%22ti-arrow-up%22%2C%22icon_pe7stroke%22%3A%22pe-7s-album%22%2C%22icon_flat%22%3A%22flaticon-heartbeat%22%2C%22icon_tractor%22%3A%22tractor-chat%22%2C%22icon_icomoon%22%3A%22icomoon-alarm-clock%22%7D%5D&#8221; name=&#8221;Dott.ssa Anna Cavagnolo&#8221; position=&#8221;Componente&#8221;][tm_team_member style=&#8221;2&#8243; animation=&#8221;none&#8221; social_networks=&#8221;%5B%7B%22icon_fontawesome%22%3A%22fa%20fa-adjust%22%2C%22icon_ion%22%3A%22ion-alert%22%2C%22icon_themify%22%3A%22ti-arrow-up%22%2C%22icon_pe7stroke%22%3A%22pe-7s-album%22%2C%22icon_flat%22%3A%22flaticon-heartbeat%22%2C%22icon_tractor%22%3A%22tractor-chat%22%2C%22icon_icomoon%22%3A%22icomoon-alarm-clock%22%7D%5D&#8221; name=&#8221;Dott. Giovanni Colmayer&#8221; position=&#8221;Componente&#8221;][tm_team_member style=&#8221;2&#8243; animation=&#8221;none&#8221; social_networks=&#8221;%5B%7B%22icon_fontawesome%22%3A%22fa%20fa-adjust%22%2C%22icon_ion%22%3A%22ion-alert%22%2C%22icon_themify%22%3A%22ti-arrow-up%22%2C%22icon_pe7stroke%22%3A%22pe-7s-album%22%2C%22icon_flat%22%3A%22flaticon-heartbeat%22%2C%22icon_tractor%22%3A%22tractor-chat%22%2C%22icon_icomoon%22%3A%22icomoon-alarm-clock%22%7D%5D&#8221; name=&#8221;Dott.ssa Maria Cristina Cojutti&#8221; position=&#8221;Componente&#8221;][tm_team_member style=&#8221;2&#8243; animation=&#8221;none&#8221; social_networks=&#8221;%5B%7B%22icon_fontawesome%22%3A%22fa%20fa-adjust%22%2C%22icon_ion%22%3A%22ion-alert%22%2C%22icon_themify%22%3A%22ti-arrow-up%22%2C%22icon_pe7stroke%22%3A%22pe-7s-album%22%2C%22icon_flat%22%3A%22flaticon-heartbeat%22%2C%22icon_tractor%22%3A%22tractor-chat%22%2C%22icon_icomoon%22%3A%22icomoon-alarm-clock%22%7D%5D&#8221; name=&#8221;Avv. Giorgio Corno&#8221; position=&#8221;Componente e Resp. Relazioni Internazionali&#8221;][tm_team_member style=&#8221;2&#8243; animation=&#8221;none&#8221; social_networks=&#8221;%5B%7B%22icon_fontawesome%22%3A%22fa%20fa-adjust%22%2C%22icon_ion%22%3A%22ion-alert%22%2C%22icon_themify%22%3A%22ti-arrow-up%22%2C%22icon_pe7stroke%22%3A%22pe-7s-album%22%2C%22icon_flat%22%3A%22flaticon-heartbeat%22%2C%22icon_tractor%22%3A%22tractor-chat%22%2C%22icon_icomoon%22%3A%22icomoon-alarm-clock%22%7D%5D&#8221; name=&#8221;Dott. Amedeo Di Pretoro&#8221; position=&#8221;Componente&#8221;][tm_team_member style=&#8221;2&#8243; animation=&#8221;none&#8221; social_networks=&#8221;%5B%7B%22icon_fontawesome%22%3A%22fa%20fa-adjust%22%2C%22icon_ion%22%3A%22ion-alert%22%2C%22icon_themify%22%3A%22ti-arrow-up%22%2C%22icon_pe7stroke%22%3A%22pe-7s-album%22%2C%22icon_flat%22%3A%22flaticon-heartbeat%22%2C%22icon_tractor%22%3A%22tractor-chat%22%2C%22icon_icomoon%22%3A%22icomoon-alarm-clock%22%7D%5D&#8221; name=&#8221;Dott. Andrea Foschi&#8221; position=&#8221;Componente&#8221;][tm_team_member style=&#8221;2&#8243; animation=&#8221;none&#8221; social_networks=&#8221;%5B%7B%22icon_fontawesome%22%3A%22fa%20fa-adjust%22%2C%22icon_ion%22%3A%22ion-alert%22%2C%22icon_themify%22%3A%22ti-arrow-up%22%2C%22icon_pe7stroke%22%3A%22pe-7s-album%22%2C%22icon_flat%22%3A%22flaticon-heartbeat%22%2C%22icon_tractor%22%3A%22tractor-chat%22%2C%22icon_icomoon%22%3A%22icomoon-alarm-clock%22%7D%5D&#8221; name=&#8221;Avv. Fernanda Gaibini&#8221; position=&#8221;Componente&#8221;][tm_team_member style=&#8221;2&#8243; animation=&#8221;none&#8221; social_networks=&#8221;%5B%7B%22icon_fontawesome%22%3A%22fa%20fa-adjust%22%2C%22icon_ion%22%3A%22ion-alert%22%2C%22icon_themify%22%3A%22ti-arrow-up%22%2C%22icon_pe7stroke%22%3A%22pe-7s-album%22%2C%22icon_flat%22%3A%22flaticon-heartbeat%22%2C%22icon_tractor%22%3A%22tractor-chat%22%2C%22icon_icomoon%22%3A%22icomoon-alarm-clock%22%7D%5D&#8221; name=&#8221;Dott. Angelo Galizzi&#8221; position=&#8221;Componente&#8221;][tm_team_member style=&#8221;2&#8243; animation=&#8221;none&#8221; social_networks=&#8221;%5B%7B%22icon_fontawesome%22%3A%22fa%20fa-adjust%22%2C%22icon_ion%22%3A%22ion-alert%22%2C%22icon_themify%22%3A%22ti-arrow-up%22%2C%22icon_pe7stroke%22%3A%22pe-7s-album%22%2C%22icon_flat%22%3A%22flaticon-heartbeat%22%2C%22icon_tractor%22%3A%22tractor-chat%22%2C%22icon_icomoon%22%3A%22icomoon-alarm-clock%22%7D%5D&#8221; name=&#8221;Dott. Gianluca Lega&#8221; position=&#8221;Componente&#8221;][tm_team_member style=&#8221;2&#8243; animation=&#8221;none&#8221; social_networks=&#8221;%5B%7B%22icon_fontawesome%22%3A%22fa%20fa-adjust%22%2C%22icon_ion%22%3A%22ion-alert%22%2C%22icon_themify%22%3A%22ti-arrow-up%22%2C%22icon_pe7stroke%22%3A%22pe-7s-album%22%2C%22icon_flat%22%3A%22flaticon-heartbeat%22%2C%22icon_tractor%22%3A%22tractor-chat%22%2C%22icon_icomoon%22%3A%22icomoon-alarm-clock%22%7D%5D&#8221; name=&#8221;Dott. Enrico Lombardo&#8221; position=&#8221;Componente&#8221;][tm_team_member style=&#8221;2&#8243; animation=&#8221;none&#8221; social_networks=&#8221;%5B%7B%22icon_fontawesome%22%3A%22fa%20fa-adjust%22%2C%22icon_ion%22%3A%22ion-alert%22%2C%22icon_themify%22%3A%22ti-arrow-up%22%2C%22icon_pe7stroke%22%3A%22pe-7s-album%22%2C%22icon_flat%22%3A%22flaticon-heartbeat%22%2C%22icon_tractor%22%3A%22tractor-chat%22%2C%22icon_icomoon%22%3A%22icomoon-alarm-clock%22%7D%5D&#8221; name=&#8221;Dott. Gerardo Losito&#8221; position=&#8221;Componente&#8221;][tm_team_member style=&#8221;2&#8243; animation=&#8221;none&#8221; social_networks=&#8221;%5B%7B%22icon_fontawesome%22%3A%22fa%20fa-adjust%22%2C%22icon_ion%22%3A%22ion-alert%22%2C%22icon_themify%22%3A%22ti-arrow-up%22%2C%22icon_pe7stroke%22%3A%22pe-7s-album%22%2C%22icon_flat%22%3A%22flaticon-heartbeat%22%2C%22icon_tractor%22%3A%22tractor-chat%22%2C%22icon_icomoon%22%3A%22icomoon-alarm-clock%22%7D%5D&#8221; name=&#8221;Dott.ssa Maria Nese&#8221; position=&#8221;Componente&#8221;][tm_team_member style=&#8221;2&#8243; animation=&#8221;none&#8221; social_networks=&#8221;%5B%7B%22icon_fontawesome%22%3A%22fa%20fa-adjust%22%2C%22icon_ion%22%3A%22ion-alert%22%2C%22icon_themify%22%3A%22ti-arrow-up%22%2C%22icon_pe7stroke%22%3A%22pe-7s-album%22%2C%22icon_flat%22%3A%22flaticon-heartbeat%22%2C%22icon_tractor%22%3A%22tractor-chat%22%2C%22icon_icomoon%22%3A%22icomoon-alarm-clock%22%7D%5D&#8221; name=&#8221;Dott. Michele Piscitelli&#8221; position=&#8221;Componente&#8221;][tm_team_member style=&#8221;2&#8243; animation=&#8221;none&#8221; social_networks=&#8221;%5B%7B%22icon_fontawesome%22%3A%22fa%20fa-adjust%22%2C%22icon_ion%22%3A%22ion-alert%22%2C%22icon_themify%22%3A%22ti-arrow-up%22%2C%22icon_pe7stroke%22%3A%22pe-7s-album%22%2C%22icon_flat%22%3A%22flaticon-heartbeat%22%2C%22icon_tractor%22%3A%22tractor-chat%22%2C%22icon_icomoon%22%3A%22icomoon-alarm-clock%22%7D%5D&#8221; name=&#8221;Dott. Andrea Poli&#8221; position=&#8221;Componente&#8221;][tm_team_member style=&#8221;2&#8243; animation=&#8221;none&#8221; social_networks=&#8221;%5B%7B%22icon_fontawesome%22%3A%22fa%20fa-adjust%22%2C%22icon_ion%22%3A%22ion-alert%22%2C%22icon_themify%22%3A%22ti-arrow-up%22%2C%22icon_pe7stroke%22%3A%22pe-7s-album%22%2C%22icon_flat%22%3A%22flaticon-heartbeat%22%2C%22icon_tractor%22%3A%22tractor-chat%22%2C%22icon_icomoon%22%3A%22icomoon-alarm-clock%22%7D%5D&#8221; name=&#8221;Dott. Anthony Spataro&#8221; position=&#8221;Componente&#8221;][tm_team_member style=&#8221;2&#8243; animation=&#8221;none&#8221; social_networks=&#8221;%5B%7B%22icon_fontawesome%22%3A%22fa%20fa-adjust%22%2C%22icon_ion%22%3A%22ion-alert%22%2C%22icon_themify%22%3A%22ti-arrow-up%22%2C%22icon_pe7stroke%22%3A%22pe-7s-album%22%2C%22icon_flat%22%3A%22flaticon-heartbeat%22%2C%22icon_tractor%22%3A%22tractor-chat%22%2C%22icon_icomoon%22%3A%22icomoon-alarm-clock%22%7D%5D&#8221; name=&#8221;Dott. Renato Tornimbeni&#8221; position=&#8221;Componente&#8221;][tm_team_member style=&#8221;2&#8243; animation=&#8221;none&#8221; social_networks=&#8221;%5B%7B%22icon_fontawesome%22%3A%22fa%20fa-adjust%22%2C%22icon_ion%22%3A%22ion-alert%22%2C%22icon_themify%22%3A%22ti-arrow-up%22%2C%22icon_pe7stroke%22%3A%22pe-7s-album%22%2C%22icon_flat%22%3A%22flaticon-heartbeat%22%2C%22icon_tractor%22%3A%22tractor-chat%22%2C%22icon_icomoon%22%3A%22icomoon-alarm-clock%22%7D%5D&#8221; name=&#8221;Dott.ssa Susanna Zaniboni&#8221; position=&#8221;Componente&#8221;][\/tm_grid][tm_spacer size=&#8221;lg:112&#8243;][\/vc_column][\/vc_row][vc_row full_width=&#8221;stretch_row&#8221; background_color=&#8221;custom&#8221; lg_spacing=&#8221;padding_top:100&#8243;][vc_column][tm_heading custom_google_font=&#8221;&#8221; align=&#8221;center&#8221; text=&#8221;Comitato Scientifico&#8221; font_size=&#8221;md:36;lg:40&#8243;][tm_spacer size=&#8221;lg:84&#8243;][tm_grid gutter=&#8221;30&#8243; row_gutter=&#8221;30&#8243; columns=&#8221;xs:1;sm:2;md:3;lg:4&#8243;][tm_team_member style=&#8221;2&#8243; social_networks=&#8221;%5B%7B%22icon_fontawesome%22%3A%22fa%20fa-adjust%22%2C%22icon_ion%22%3A%22ion-alert%22%2C%22icon_themify%22%3A%22ti-arrow-up%22%2C%22icon_pe7stroke%22%3A%22pe-7s-album%22%2C%22icon_flat%22%3A%22flaticon-heartbeat%22%2C%22icon_tractor%22%3A%22tractor-chat%22%2C%22icon_icomoon%22%3A%22icomoon-alarm-clock%22%7D%5D&#8221; name=&#8221;Prof. Alessandro Danovi&#8221; position=&#8221;Presidente&#8221;][tm_team_member style=&#8221;2&#8243; social_networks=&#8221;%5B%7B%22icon_fontawesome%22%3A%22fa%20fa-adjust%22%2C%22icon_ion%22%3A%22ion-alert%22%2C%22icon_themify%22%3A%22ti-arrow-up%22%2C%22icon_pe7stroke%22%3A%22pe-7s-album%22%2C%22icon_flat%22%3A%22flaticon-heartbeat%22%2C%22icon_tractor%22%3A%22tractor-chat%22%2C%22icon_icomoon%22%3A%22icomoon-alarm-clock%22%7D%5D&#8221; name=&#8221;Prof. Avv. Nicol\u00f2 Abriani&#8221; position=&#8221;Componente&#8221;][tm_team_member style=&#8221;2&#8243; social_networks=&#8221;%5B%7B%22icon_fontawesome%22%3A%22fa%20fa-adjust%22%2C%22icon_ion%22%3A%22ion-alert%22%2C%22icon_themify%22%3A%22ti-arrow-up%22%2C%22icon_pe7stroke%22%3A%22pe-7s-album%22%2C%22icon_flat%22%3A%22flaticon-heartbeat%22%2C%22icon_tractor%22%3A%22tractor-chat%22%2C%22icon_icomoon%22%3A%22icomoon-alarm-clock%22%7D%5D&#8221; name=&#8221;Prof. Marco Allegrini&#8221; position=&#8221;Componente&#8221;][tm_team_member style=&#8221;2&#8243; social_networks=&#8221;%5B%7B%22icon_fontawesome%22%3A%22fa%20fa-adjust%22%2C%22icon_ion%22%3A%22ion-alert%22%2C%22icon_themify%22%3A%22ti-arrow-up%22%2C%22icon_pe7stroke%22%3A%22pe-7s-album%22%2C%22icon_flat%22%3A%22flaticon-heartbeat%22%2C%22icon_tractor%22%3A%22tractor-chat%22%2C%22icon_icomoon%22%3A%22icomoon-alarm-clock%22%7D%5D&#8221; name=&#8221;Prof. Avv. Stefano Ambrosini&#8221; position=&#8221;Componente&#8221;][tm_team_member style=&#8221;2&#8243; social_networks=&#8221;%5B%7B%22icon_fontawesome%22%3A%22fa%20fa-adjust%22%2C%22icon_ion%22%3A%22ion-alert%22%2C%22icon_themify%22%3A%22ti-arrow-up%22%2C%22icon_pe7stroke%22%3A%22pe-7s-album%22%2C%22icon_flat%22%3A%22flaticon-heartbeat%22%2C%22icon_tractor%22%3A%22tractor-chat%22%2C%22icon_icomoon%22%3A%22icomoon-alarm-clock%22%7D%5D&#8221; name=&#8221;Prof. Avv. Luigi Balestra&#8221; position=&#8221;Componente&#8221;][tm_team_member style=&#8221;2&#8243; social_networks=&#8221;%5B%7B%22icon_fontawesome%22%3A%22fa%20fa-adjust%22%2C%22icon_ion%22%3A%22ion-alert%22%2C%22icon_themify%22%3A%22ti-arrow-up%22%2C%22icon_pe7stroke%22%3A%22pe-7s-album%22%2C%22icon_flat%22%3A%22flaticon-heartbeat%22%2C%22icon_tractor%22%3A%22tractor-chat%22%2C%22icon_icomoon%22%3A%22icomoon-alarm-clock%22%7D%5D&#8221; name=&#8221;Prof. Avv. Sido Bonfatti&#8221; position=&#8221;Componente&#8221;][tm_team_member style=&#8221;2&#8243; social_networks=&#8221;%5B%7B%22icon_fontawesome%22%3A%22fa%20fa-adjust%22%2C%22icon_ion%22%3A%22ion-alert%22%2C%22icon_themify%22%3A%22ti-arrow-up%22%2C%22icon_pe7stroke%22%3A%22pe-7s-album%22%2C%22icon_flat%22%3A%22flaticon-heartbeat%22%2C%22icon_tractor%22%3A%22tractor-chat%22%2C%22icon_icomoon%22%3A%22icomoon-alarm-clock%22%7D%5D&#8221; name=&#8221;Prof.ssa Greta Cestari&#8221; position=&#8221;Componente&#8221;][tm_team_member style=&#8221;2&#8243; social_networks=&#8221;%5B%7B%22icon_fontawesome%22%3A%22fa%20fa-adjust%22%2C%22icon_ion%22%3A%22ion-alert%22%2C%22icon_themify%22%3A%22ti-arrow-up%22%2C%22icon_pe7stroke%22%3A%22pe-7s-album%22%2C%22icon_flat%22%3A%22flaticon-heartbeat%22%2C%22icon_tractor%22%3A%22tractor-chat%22%2C%22icon_icomoon%22%3A%22icomoon-alarm-clock%22%7D%5D&#8221; name=&#8221;Prof. Maurizio Comoli&#8221; position=&#8221;Componente&#8221;][tm_team_member style=&#8221;2&#8243; social_networks=&#8221;%5B%7B%22icon_fontawesome%22%3A%22fa%20fa-adjust%22%2C%22icon_ion%22%3A%22ion-alert%22%2C%22icon_themify%22%3A%22ti-arrow-up%22%2C%22icon_pe7stroke%22%3A%22pe-7s-album%22%2C%22icon_flat%22%3A%22flaticon-heartbeat%22%2C%22icon_tractor%22%3A%22tractor-chat%22%2C%22icon_icomoon%22%3A%22icomoon-alarm-clock%22%7D%5D&#8221; name=&#8221;Prof. Avv. Giuseppe Ferri&#8221; position=&#8221;Componente&#8221;][tm_team_member style=&#8221;2&#8243; social_networks=&#8221;%5B%7B%22icon_fontawesome%22%3A%22fa%20fa-adjust%22%2C%22icon_ion%22%3A%22ion-alert%22%2C%22icon_themify%22%3A%22ti-arrow-up%22%2C%22icon_pe7stroke%22%3A%22pe-7s-album%22%2C%22icon_flat%22%3A%22flaticon-heartbeat%22%2C%22icon_tractor%22%3A%22tractor-chat%22%2C%22icon_icomoon%22%3A%22icomoon-alarm-clock%22%7D%5D&#8221; name=&#8221;Prof. Stefano Garzella&#8221; position=&#8221;Componente&#8221;][tm_team_member style=&#8221;2&#8243; social_networks=&#8221;%5B%7B%22icon_fontawesome%22%3A%22fa%20fa-adjust%22%2C%22icon_ion%22%3A%22ion-alert%22%2C%22icon_themify%22%3A%22ti-arrow-up%22%2C%22icon_pe7stroke%22%3A%22pe-7s-album%22%2C%22icon_flat%22%3A%22flaticon-heartbeat%22%2C%22icon_tractor%22%3A%22tractor-chat%22%2C%22icon_icomoon%22%3A%22icomoon-alarm-clock%22%7D%5D&#8221; name=&#8221;Prof.ssa Avv. Stefania Pacchi&#8221; position=&#8221;Componente&#8221;][tm_team_member style=&#8221;2&#8243; social_networks=&#8221;%5B%7B%22icon_fontawesome%22%3A%22fa%20fa-adjust%22%2C%22icon_ion%22%3A%22ion-alert%22%2C%22icon_themify%22%3A%22ti-arrow-up%22%2C%22icon_pe7stroke%22%3A%22pe-7s-album%22%2C%22icon_flat%22%3A%22flaticon-heartbeat%22%2C%22icon_tractor%22%3A%22tractor-chat%22%2C%22icon_icomoon%22%3A%22icomoon-alarm-clock%22%7D%5D&#8221; name=&#8221;Dott.ssa Alida Paluchowski&#8221; position=&#8221;Componente&#8221;][tm_team_member style=&#8221;2&#8243; social_networks=&#8221;%5B%7B%22icon_fontawesome%22%3A%22fa%20fa-adjust%22%2C%22icon_ion%22%3A%22ion-alert%22%2C%22icon_themify%22%3A%22ti-arrow-up%22%2C%22icon_pe7stroke%22%3A%22pe-7s-album%22%2C%22icon_flat%22%3A%22flaticon-heartbeat%22%2C%22icon_tractor%22%3A%22tractor-chat%22%2C%22icon_icomoon%22%3A%22icomoon-alarm-clock%22%7D%5D&#8221; name=&#8221;Dott. Andrea Panizza&#8221; position=&#8221;Componente&#8221;][tm_team_member style=&#8221;2&#8243; social_networks=&#8221;%5B%7B%22icon_fontawesome%22%3A%22fa%20fa-adjust%22%2C%22icon_ion%22%3A%22ion-alert%22%2C%22icon_themify%22%3A%22ti-arrow-up%22%2C%22icon_pe7stroke%22%3A%22pe-7s-album%22%2C%22icon_flat%22%3A%22flaticon-heartbeat%22%2C%22icon_tractor%22%3A%22tractor-chat%22%2C%22icon_icomoon%22%3A%22icomoon-alarm-clock%22%7D%5D&#8221; name=&#8221;Prof. Michele Pizzo&#8221; position=&#8221;Componente&#8221;][tm_team_member style=&#8221;2&#8243; social_networks=&#8221;%5B%7B%22icon_fontawesome%22%3A%22fa%20fa-adjust%22%2C%22icon_ion%22%3A%22ion-alert%22%2C%22icon_themify%22%3A%22ti-arrow-up%22%2C%22icon_pe7stroke%22%3A%22pe-7s-album%22%2C%22icon_flat%22%3A%22flaticon-heartbeat%22%2C%22icon_tractor%22%3A%22tractor-chat%22%2C%22icon_icomoon%22%3A%22icomoon-alarm-clock%22%7D%5D&#8221; name=&#8221;Dott. Marcello Pollio&#8221; position=&#8221;Componente&#8221;][tm_team_member style=&#8221;2&#8243; social_networks=&#8221;%5B%7B%22icon_fontawesome%22%3A%22fa%20fa-adjust%22%2C%22icon_ion%22%3A%22ion-alert%22%2C%22icon_themify%22%3A%22ti-arrow-up%22%2C%22icon_pe7stroke%22%3A%22pe-7s-album%22%2C%22icon_flat%22%3A%22flaticon-heartbeat%22%2C%22icon_tractor%22%3A%22tractor-chat%22%2C%22icon_icomoon%22%3A%22icomoon-alarm-clock%22%7D%5D&#8221; name=&#8221;Prof. Alberto Quagli&#8221; position=&#8221;Componente&#8221;][tm_team_member style=&#8221;2&#8243; social_networks=&#8221;%5B%7B%22icon_fontawesome%22%3A%22fa%20fa-adjust%22%2C%22icon_ion%22%3A%22ion-alert%22%2C%22icon_themify%22%3A%22ti-arrow-up%22%2C%22icon_pe7stroke%22%3A%22pe-7s-album%22%2C%22icon_flat%22%3A%22flaticon-heartbeat%22%2C%22icon_tractor%22%3A%22tractor-chat%22%2C%22icon_icomoon%22%3A%22icomoon-alarm-clock%22%7D%5D&#8221; name=&#8221;Prof. Avv. Edgardo Ricciardiello&#8221; position=&#8221;Componente&#8221;][tm_team_member style=&#8221;2&#8243; social_networks=&#8221;%5B%7B%22icon_fontawesome%22%3A%22fa%20fa-adjust%22%2C%22icon_ion%22%3A%22ion-alert%22%2C%22icon_themify%22%3A%22ti-arrow-up%22%2C%22icon_pe7stroke%22%3A%22pe-7s-album%22%2C%22icon_flat%22%3A%22flaticon-heartbeat%22%2C%22icon_tractor%22%3A%22tractor-chat%22%2C%22icon_icomoon%22%3A%22icomoon-alarm-clock%22%7D%5D&#8221; name=&#8221;Prof.ssa Patrizia Riva&#8221; position=&#8221;Componente&#8221;][tm_team_member style=&#8221;2&#8243; social_networks=&#8221;%5B%7B%22icon_fontawesome%22%3A%22fa%20fa-adjust%22%2C%22icon_ion%22%3A%22ion-alert%22%2C%22icon_themify%22%3A%22ti-arrow-up%22%2C%22icon_pe7stroke%22%3A%22pe-7s-album%22%2C%22icon_flat%22%3A%22flaticon-heartbeat%22%2C%22icon_tractor%22%3A%22tractor-chat%22%2C%22icon_icomoon%22%3A%22icomoon-alarm-clock%22%7D%5D&#8221; name=&#8221;Prof. Giuseppe Savioli&#8221; position=&#8221;Componente&#8221;][tm_team_member style=&#8221;2&#8243; social_networks=&#8221;%5B%7B%22icon_fontawesome%22%3A%22fa%20fa-adjust%22%2C%22icon_ion%22%3A%22ion-alert%22%2C%22icon_themify%22%3A%22ti-arrow-up%22%2C%22icon_pe7stroke%22%3A%22pe-7s-album%22%2C%22icon_flat%22%3A%22flaticon-heartbeat%22%2C%22icon_tractor%22%3A%22tractor-chat%22%2C%22icon_icomoon%22%3A%22icomoon-alarm-clock%22%7D%5D&#8221; name=&#8221;Prof. Avv. Lorenzo Stanghellini&#8221; position=&#8221;Componente&#8221;][tm_team_member style=&#8221;2&#8243; social_networks=&#8221;%5B%7B%22icon_fontawesome%22%3A%22fa%20fa-adjust%22%2C%22icon_ion%22%3A%22ion-alert%22%2C%22icon_themify%22%3A%22ti-arrow-up%22%2C%22icon_pe7stroke%22%3A%22pe-7s-album%22%2C%22icon_flat%22%3A%22flaticon-heartbeat%22%2C%22icon_tractor%22%3A%22tractor-chat%22%2C%22icon_icomoon%22%3A%22icomoon-alarm-clock%22%7D%5D&#8221; name=&#8221;Prof. Claudio Teodori&#8221; position=&#8221;Componente&#8221;][tm_team_member style=&#8221;2&#8243; social_networks=&#8221;%5B%7B%22icon_fontawesome%22%3A%22fa%20fa-adjust%22%2C%22icon_ion%22%3A%22ion-alert%22%2C%22icon_themify%22%3A%22ti-arrow-up%22%2C%22icon_pe7stroke%22%3A%22pe-7s-album%22%2C%22icon_flat%22%3A%22flaticon-heartbeat%22%2C%22icon_tractor%22%3A%22tractor-chat%22%2C%22icon_icomoon%22%3A%22icomoon-alarm-clock%22%7D%5D&#8221; name=&#8221;Prof. Alberto Tron&#8221; position=&#8221;Componente&#8221;][tm_team_member style=&#8221;2&#8243; social_networks=&#8221;%5B%7B%22icon_fontawesome%22%3A%22fa%20fa-adjust%22%2C%22icon_ion%22%3A%22ion-alert%22%2C%22icon_themify%22%3A%22ti-arrow-up%22%2C%22icon_pe7stroke%22%3A%22pe-7s-album%22%2C%22icon_flat%22%3A%22flaticon-heartbeat%22%2C%22icon_tractor%22%3A%22tractor-chat%22%2C%22icon_icomoon%22%3A%22icomoon-alarm-clock%22%7D%5D&#8221; name=&#8221;Prof. Stefano Zambon&#8221; position=&#8221;Componente&#8221;][\/tm_grid][tm_spacer size=&#8221;lg:112&#8243;][\/vc_column][\/vc_row][vc_row full_width=&#8221;stretch_row&#8221; overlay_background=&#8221;custom&#8221; overlay_opacity=&#8221;50&#8243; lg_spacing=&#8221;padding_top:106;padding_bottom:106&#8243; background_image=&#8221;1680&#8243;][vc_column][tm_heading tag=&#8221;p&#8221; custom_google_font=&#8221;&#8221; font_weight=&#8221;700&#8243; align=&#8221;center&#8221; text_color=&#8221;custom&#8221; custom_text_color=&#8221;#ffffff&#8221; text=&#8221;Associazione Professionisti Risanamento Imprese dal 2008&#8243; font_size=&#8221;lg:36&#8243;][tm_spacer size=&#8221;lg:26&#8243;][tm_heading tag=&#8221;p&#8221; custom_google_font=&#8221;&#8221; align=&#8221;center&#8221; text_color=&#8221;custom&#8221; custom_text_color=&#8221;#ffffff&#8221; text=&#8221;A.P.R.I. nasce a Padova il 25 luglio 2008 dall\u2019intuizione e dalla volont\u00e0 di esperti del settore di convogliare, in un unico organismo associativo, le pi\u00f9 eterogenee competenze professionali impiegabili in processi di risanamento o prevenzione dello stato di crisi.&#8221; font_size=&#8221;sm:18;md:20;lg:24&#8243; max_width=&#8221;800px&#8221;][tm_spacer size=&#8221;lg:36&#8243;][tm_button align=&#8221;center&#8221; color=&#8221;custom&#8221; button_bg_color=&#8221;primary&#8221; font_color=&#8221;custom&#8221; button_border_color=&#8221;primary&#8221; button_icon_color=&#8221;&#8221; button_bg_color_hover=&#8221;custom&#8221; font_color_hover=&#8221;primary&#8221; button_border_color_hover=&#8221;primary&#8221; button_icon_color_hover=&#8221;&#8221; button=&#8221;url:https%3A%2F%2Fwww.assoapri.it%2Fit%2Fdiventa-socio%2F|title:DIVENTA%20SOCIO||&#8221; custom_font_color=&#8221;#ffffff&#8221; custom_button_bg_color_hover=&#8221;#ffffff&#8221;][tm_spacer size=&#8221;lg:26&#8243;][\/vc_column][\/vc_row]<\/p>\n<\/div>","protected":false},"excerpt":{"rendered":"<p>[vc_row column_separator=&#8221;01&#8243;][vc_column][tm_heading tag=&#8221;h2&#8243; custom_google_font=&#8221;&#8221; google_fonts=&#8221;font_family:Poppins%3A300%2Cregular%2C500%2C600%2C700|font_style:700%20bold%20regular%3A700%3Anormal&#8221; align=&#8221;center&#8221; text_color=&#8221;primary&#8221; text=&#8221;Gli obiettivi di A.P.R.I.&#8221;][tm_heading tag=&#8221;p&#8221; custom_google_font=&#8221;&#8221; google_fonts=&#8221;font_family:Delius%3Aregular|font_style:400%20regular%3A400%3Anormal&#8221; align=&#8221;center&#8221; text_color=&#8221;primary&#8221; text=&#8221;Associazione Professionisti Risanamento Imprese&#8221; font_size=&#8221;lg:24&#8243; line_height=&#8221;1.4&#8243;][\/vc_column][\/vc_row][vc_row full_width=&#8221;stretch_row_content&#8221; equal_height=&#8221;yes&#8221;][vc_column offset=&#8221;vc_hidden-xs&#8221;][tm_spacer size=&#8221;lg:50&#8243;][tm_slider_group style=&#8221;separator&#8221; equal_height=&#8221;1&#8243; pagination=&#8221;1&#8243; gutter=&#8221;30&#8243; custom_border_color=&#8221;&#8221; items_display=&#8221;xs:1;sm:2;md:3;lg:4&#8243;][tm_box_icon style=&#8221;11&#8243; align=&#8221;center&#8221; icon_type=&#8221;icomoon&#8221; icon_icomoon=&#8221;icomoon-settings-1&#8243; animation=&#8221;none&#8221; heading_color=&#8221;primary&#8221; icon_color=&#8221;secondary&#8221; background_color=&#8221;custom&#8221; heading=&#8221;Soluzioni per il Risanamento&#8221; link=&#8221;|||&#8221; text=&#8221;Promuovere lo studio delle tematiche inerenti lo stato di crisi aziendale e la ricerca delle soluzioni per il Risanamento dell\u2019impresa e sviluppare la cultura imprenditoriale e manageriale sulla gestione delle fasi anticipatorie delle crisi aziendali&#8221; button=&#8221;|||&#8221; icon_font_size=&#8221;lg:50&#8243;][tm_box_icon style=&#8221;11&#8243; align=&#8221;center&#8221; icon_type=&#8221;icomoon&#8221; icon_icomoon=&#8221;icomoon-information&#8221; heading_color=&#8221;primary&#8221; icon_color=&#8221;secondary&#8221; heading=&#8221;Informazione scientifica&#8221; link=&#8221;|||&#8221; text=&#8221;Organizzare direttamente o indirettamente attivit\u00e0 di informazione scientifica collegandosi a strutture pubbliche e private attraverso convegni, seminari, dibattiti, conferenze.&#8221; button=&#8221;|||&#8221; icon_font_size=&#8221;lg:50&#8243;][tm_box_icon style=&#8221;11&#8243; align=&#8221;center&#8221; icon_type=&#8221;icomoon&#8221; icon_icomoon=&#8221;icomoon-user-3&#8243; heading_color=&#8221;primary&#8221; icon_color=&#8221;secondary&#8221; custom_border_color=&#8221;&#8221; heading=&#8221;Gruppi di Professionisti&#8221; link=&#8221;|||&#8221; text=&#8221;Formare su tutto il territorio nazionale gruppi di professionisti specializzati che intervengono in situazioni di Prevenzione, Gestione e Risanamento Crisi d\u2019impresa.&#8221; button=&#8221;|||&#8221; icon_font_size=&#8221;lg:50&#8243;][tm_box_icon style=&#8221;11&#8243; align=&#8221;center&#8221; icon_type=&#8221;icomoon&#8221; icon_icomoon=&#8221;icomoon-book&#8221; heading_color=&#8221;primary&#8221; icon_color=&#8221;secondary&#8221; heading=&#8221;Eventi e corsi di formazione&#8221; link=&#8221;|||&#8221; text=&#8221;Organizzare o partecipare all\u2019organizzazione di convegni, seminari, corsi di formazione e di specializzazione sulla Prevenzione, Gestione e Risanamento Crisi d\u2019impresa.&#8221; button=&#8221;|||&#8221; icon_font_size=&#8221;lg:50&#8243;][\/tm_slider_group][tm_spacer size=&#8221;lg:100&#8243;][\/vc_column][\/vc_row][vc_row equal_height=&#8221;yes&#8221; column_separator=&#8221;01&#8243;][vc_column width=&#8221;1\/2&#8243; offset=&#8221;vc_hidden-lg vc_hidden-md vc_hidden-sm&#8221;][tm_box_icon style=&#8221;5&#8243; align=&#8221;center&#8221; icon_type=&#8221;icomoon&#8221; icon_icomoon=&#8221;icomoon-settings-1&#8243; animation=&#8221;none&#8221; heading_color=&#8221;primary&#8221; icon_color=&#8221;secondary&#8221; heading=&#8221;Soluzioni per il Risanamento&#8221; link=&#8221;|||&#8221; text=&#8221;Promuovere lo studio delle tematiche inerenti lo stato di crisi aziendale e la ricerca delle soluzioni per il Risanamento dell\u2019impresa e sviluppare la cultura imprenditoriale e manageriale sulla gestione delle fasi anticipatorie delle crisi aziendali&#8221; button=&#8221;|||&#8221; icon_font_size=&#8221;lg:50&#8243;][\/vc_column][vc_column width=&#8221;1\/2&#8243; offset=&#8221;vc_hidden-lg vc_hidden-md vc_hidden-sm&#8221;][tm_box_icon style=&#8221;5&#8243; align=&#8221;center&#8221; icon_type=&#8221;icomoon&#8221; icon_icomoon=&#8221;icomoon-information&#8221; heading_color=&#8221;primary&#8221; icon_color=&#8221;secondary&#8221; heading=&#8221;Informazione scientifica&#8221; link=&#8221;|||&#8221; text=&#8221;Organizzare direttamente o indirettamente attivit\u00e0 di informazione scientifica collegandosi a strutture pubbliche e private attraverso convegni, seminari, dibattiti, conferenze.&#8221; button=&#8221;|||&#8221; icon_font_size=&#8221;lg:50&#8243;][\/vc_column][\/vc_row][vc_row equal_height=&#8221;yes&#8221; column_separator=&#8221;01&#8243;][vc_column width=&#8221;1\/2&#8243; offset=&#8221;vc_hidden-lg vc_hidden-md vc_hidden-sm&#8221;][tm_box_icon style=&#8221;5&#8243; align=&#8221;center&#8221; icon_type=&#8221;icomoon&#8221; icon_icomoon=&#8221;icomoon-user-3&#8243; heading_color=&#8221;primary&#8221; icon_color=&#8221;secondary&#8221; custom_border_color=&#8221;&#8221; heading=&#8221;Gruppi di Professionisti&#8221; link=&#8221;|||&#8221; text=&#8221;Formare su tutto il territorio nazionale gruppi di professionisti specializzati che intervengono in situazioni di Prevenzione, Gestione e Risanamento Crisi d\u2019impresa.&#8221; button=&#8221;|||&#8221; icon_font_size=&#8221;lg:50&#8243;][\/vc_column][vc_column width=&#8221;1\/2&#8243; offset=&#8221;vc_hidden-lg vc_hidden-md vc_hidden-sm&#8221;][tm_box_icon style=&#8221;5&#8243; align=&#8221;center&#8221; icon_type=&#8221;icomoon&#8221; icon_icomoon=&#8221;icomoon-book&#8221; heading_color=&#8221;primary&#8221; icon_color=&#8221;secondary&#8221; heading=&#8221;Eventi e corsi di formazione&#8221; link=&#8221;|||&#8221; text=&#8221;Organizzare o partecipare all\u2019organizzazione di convegni, seminari, corsi di formazione e di specializzazione sulla Prevenzione, Gestione e Risanamento Crisi d\u2019impresa.&#8221; button=&#8221;|||&#8221; icon_font_size=&#8221;lg:50&#8243;][\/vc_column][\/vc_row][vc_row full_width=&#8221;stretch_row_content_no_spaces&#8221; content_placement=&#8221;middle&#8221; background_color=&#8221;custom&#8221; custom_background_color=&#8221;#f7f7f7&#8243;][vc_column width=&#8221;1\/3&#8243; offset=&#8221;vc_hidden-md vc_hidden-sm vc_hidden-xs&#8221; background_image=&#8221;3391&#8243;][\/vc_column][vc_column offset=&#8221;vc_col-lg-8&#8243; lg_spacing=&#8221;padding_left:200&#8243; md_spacing=&#8221;padding_left:0&#8243;][vc_row_inner md_content_alignment=&#8221;center&#8221; lg_spacing=&#8221;padding_top:100;padding_bottom:100&#8243; max_width=&#8221;670px&#8221;][vc_column_inner][tm_heading tag=&#8221;h2&#8243; custom_google_font=&#8221;&#8221; text_color=&#8221;primary&#8221; text=&#8221;Le attivit\u00e0 di A.P.R.I.&#8221; font_size=&#8221;sm:28;md:36;lg:40&#8243;][tm_spacer size=&#8221;lg:45&#8243;][tm_heading tag=&#8221;p&#8221; custom_google_font=&#8221;&#8221; google_fonts=&#8221;font_family:Poppins%3A300%2Cregular%2C500%2C600%2C700|font_style:500%20medium%20regular%3A500%3Anormal&#8221; text_color=&#8221;secondary&#8221; text=&#8221;APRI, l&#8217;associazione senza scopo di lucro, formata da professionisti specializzati in prevenzione, gestione e risanamento crisi d&#8217;impresa svolge diverse attivit\u00e0.&#8221; font_size=&#8221;lg:17&#8243;][tm_spacer size=&#8221;lg:20&#8243;][tm_heading tag=&#8221;p&#8221; custom_google_font=&#8221;&#8221; icon_type=&#8221;ion&#8221; icon_ion=&#8221;ion-android-checkmark-circle&#8221; icon_color=&#8221;primary&#8221; text=&#8221;Promuove lo studio delle tematiche inerenti lo stato di crisi e la ricerca di soluzioni per risanare le imprese;&#8221; icon_font_size=&#8221;lg:24&#8243; font_size=&#8221;lg:17&#8243;][tm_heading tag=&#8221;p&#8221; custom_google_font=&#8221;&#8221; icon_type=&#8221;ion&#8221; icon_ion=&#8221;ion-android-checkmark-circle&#8221; icon_color=&#8221;primary&#8221; text=&#8221;Sviluppa la cultura imprenditoriale sulla gestione delle fasi anticipatorie delle crisi aziendali;&#8221; icon_font_size=&#8221;lg:24&#8243; font_size=&#8221;lg:17&#8243;][tm_heading tag=&#8221;p&#8221; custom_google_font=&#8221;&#8221; icon_type=&#8221;ion&#8221; icon_ion=&#8221;ion-android-checkmark-circle&#8221; icon_color=&#8221;primary&#8221; text=&#8221;Organizza e promuove convegni, seminari, corsi e supporta i propri iscritti nelle competenze sul risanamento aziendale;&#8221; icon_font_size=&#8221;lg:24&#8243; font_size=&#8221;lg:17&#8243;][tm_heading tag=&#8221;p&#8221; custom_google_font=&#8221;&#8221; icon_type=&#8221;ion&#8221; icon_ion=&#8221;ion-android-checkmark-circle&#8221; icon_color=&#8221;primary&#8221; text=&#8221;Promuove l\u2019immagine pubblica e l\u2019attivit\u00e0 dell\u2019associazione, nonch\u00e8 la cultura del risanamento aziendale presso Enti ed Istituzioni sia pubbliche che private;&#8221; icon_font_size=&#8221;lg:24&#8243; font_size=&#8221;lg:17&#8243;][tm_heading tag=&#8221;p&#8221; custom_google_font=&#8221;&#8221; icon_type=&#8221;ion&#8221; icon_ion=&#8221;ion-android-checkmark-circle&#8221; icon_color=&#8221;primary&#8221; text=&#8221;Intrattiene rapporti con le Universit\u00e0, le Associazioni di categoria, gli Ordini professionali, le Banche, i Consorzi Fidi, i Tribunali, le C.C.I.A.A., i Consulenti legali, le Societ\u00e0 di consulenza, le Associazioni similari in materia ed altre Istituzioni pubbliche e private;&#8221; icon_font_size=&#8221;lg:24&#8243; font_size=&#8221;lg:17&#8243;][tm_heading tag=&#8221;p&#8221; custom_google_font=&#8221;&#8221; icon_type=&#8221;ion&#8221; icon_ion=&#8221;ion-android-checkmark-circle&#8221; icon_color=&#8221;primary&#8221; text=&#8221;Promuove attivit\u00e0 editoriali e pubblicazioni idonee a diffondere i risultati delle proprie attivit\u00e0, a diffondere studi, ricerche, notizie ed ogni altro lavoro che risulti utile al raggiungimento delle proprie finalit\u00e0;&#8221; icon_font_size=&#8221;lg:24&#8243; font_size=&#8221;lg:17&#8243;][tm_heading tag=&#8221;p&#8221; custom_google_font=&#8221;&#8221; icon_type=&#8221;ion&#8221; icon_ion=&#8221;ion-android-checkmark-circle&#8221; icon_color=&#8221;primary&#8221; text=&#8221;Forma su tutto il territorio nazionale gruppi di Professionisti specializzati che intervengono in situazioni di Prevenzione e Risanamento Crisi d\u2019impresa;&#8221; icon_font_size=&#8221;lg:24&#8243; font_size=&#8221;lg:17&#8243;][tm_heading tag=&#8221;p&#8221; custom_google_font=&#8221;&#8221; icon_type=&#8221;ion&#8221; icon_ion=&#8221;ion-android-checkmark-circle&#8221; icon_color=&#8221;primary&#8221; text=&#8221;Intrattiene contatti con TMA-Turnaround Management Association, organizzazione internazionale &#8220;non profit&#8220; di riferimento dedicata ai temi delle ristrutturazioni aziendali ed alla gestione del &#8220;turnaround&#8220;.&#8221; icon_font_size=&#8221;lg:24&#8243; font_size=&#8221;lg:17&#8243;][\/vc_column_inner][\/vc_row_inner][\/vc_column][\/vc_row][vc_row full_width=&#8221;stretch_row&#8221; hide_background_image=&#8221;sm&#8221; background_image=&#8221;1659&#8243; lg_spacing=&#8221;padding_top:100&#8243;][vc_column][tm_spacer size=&#8221;lg:84&#8243;][tm_heading custom_google_font=&#8221;&#8221; align=&#8221;center&#8221; text=&#8221;Comitato Direttivo&#8221; font_size=&#8221;md:36;lg:40&#8243;][tm_spacer size=&#8221;lg:84&#8243;][tm_grid gutter=&#8221;30&#8243; row_gutter=&#8221;30&#8243; columns=&#8221;xs:1;sm:2;md:3;lg:4&#8243;][tm_team_member style=&#8221;2&#8243; social_networks=&#8221;%5B%5D&#8221; name=&#8221;Dott. Andrea Panizza&#8221; position=&#8221;Presidente&#8221;][tm_team_member style=&#8221;2&#8243; social_networks=&#8221;%5B%7B%22icon_fontawesome%22%3A%22fa%20fa-adjust%22%2C%22icon_ion%22%3A%22ion-alert%22%2C%22icon_themify%22%3A%22ti-arrow-up%22%2C%22icon_pe7stroke%22%3A%22pe-7s-album%22%2C%22icon_flat%22%3A%22flaticon-heartbeat%22%2C%22icon_tractor%22%3A%22tractor-chat%22%2C%22icon_icomoon%22%3A%22icomoon-alarm-clock%22%7D%5D&#8221; name=&#8221;Prof.ssa Patrizia Riva&#8221; position=&#8221;Vice Presidente&#8221;][tm_team_member style=&#8221;2&#8243; social_networks=&#8221;%5B%7B%22icon_fontawesome%22%3A%22fa%20fa-adjust%22%2C%22icon_ion%22%3A%22ion-alert%22%2C%22icon_themify%22%3A%22ti-arrow-up%22%2C%22icon_pe7stroke%22%3A%22pe-7s-album%22%2C%22icon_flat%22%3A%22flaticon-heartbeat%22%2C%22icon_tractor%22%3A%22tractor-chat%22%2C%22icon_icomoon%22%3A%22icomoon-alarm-clock%22%7D%5D&#8221; name=&#8221;Dott. Raffaele Gallina&#8221; position=&#8221;Vice-Presidente&#8221;][tm_team_member style=&#8221;2&#8243; social_networks=&#8221;%5B%7B%22icon_fontawesome%22%3A%22fa%20fa-adjust%22%2C%22icon_ion%22%3A%22ion-alert%22%2C%22icon_themify%22%3A%22ti-arrow-up%22%2C%22icon_pe7stroke%22%3A%22pe-7s-album%22%2C%22icon_flat%22%3A%22flaticon-heartbeat%22%2C%22icon_tractor%22%3A%22tractor-chat%22%2C%22icon_icomoon%22%3A%22icomoon-alarm-clock%22%7D%5D&#8221; name=&#8221;Dott. Marco Anesa&#8221; position=&#8221;Segretario&#8221;][tm_team_member style=&#8221;2&#8243; social_networks=&#8221;%5B%7B%22icon_fontawesome%22%3A%22fa%20fa-adjust%22%2C%22icon_ion%22%3A%22ion-alert%22%2C%22icon_themify%22%3A%22ti-arrow-up%22%2C%22icon_pe7stroke%22%3A%22pe-7s-album%22%2C%22icon_flat%22%3A%22flaticon-heartbeat%22%2C%22icon_tractor%22%3A%22tractor-chat%22%2C%22icon_icomoon%22%3A%22icomoon-alarm-clock%22%7D%5D&#8221; name=&#8221;Dott. Gilberto Montecchi&#8221; position=&#8221;Tesoriere&#8221;][tm_team_member style=&#8221;2&#8243; social_networks=&#8221;%5B%7B%22icon_fontawesome%22%3A%22fa%20fa-adjust%22%2C%22icon_ion%22%3A%22ion-alert%22%2C%22icon_themify%22%3A%22ti-arrow-up%22%2C%22icon_pe7stroke%22%3A%22pe-7s-album%22%2C%22icon_flat%22%3A%22flaticon-heartbeat%22%2C%22icon_tractor%22%3A%22tractor-chat%22%2C%22icon_icomoon%22%3A%22icomoon-alarm-clock%22%7D%5D&#8221; name=&#8221;Dott. Fabio Andreoli&#8221; position=&#8221;Consigliere&#8221;][tm_team_member style=&#8221;2&#8243; social_networks=&#8221;%5B%7B%22icon_fontawesome%22%3A%22fa%20fa-adjust%22%2C%22icon_ion%22%3A%22ion-alert%22%2C%22icon_themify%22%3A%22ti-arrow-up%22%2C%22icon_pe7stroke%22%3A%22pe-7s-album%22%2C%22icon_flat%22%3A%22flaticon-heartbeat%22%2C%22icon_tractor%22%3A%22tractor-chat%22%2C%22icon_icomoon%22%3A%22icomoon-alarm-clock%22%7D%5D&#8221; name=&#8221;Dott. Bruno Bartoli&#8221; position=&#8221;Consigliere&#8221;][tm_team_member style=&#8221;2&#8243; social_networks=&#8221;%5B%7B%22icon_fontawesome%22%3A%22fa%20fa-adjust%22%2C%22icon_ion%22%3A%22ion-alert%22%2C%22icon_themify%22%3A%22ti-arrow-up%22%2C%22icon_pe7stroke%22%3A%22pe-7s-album%22%2C%22icon_flat%22%3A%22flaticon-heartbeat%22%2C%22icon_tractor%22%3A%22tractor-chat%22%2C%22icon_icomoon%22%3A%22icomoon-alarm-clock%22%7D%5D&#8221; name=&#8221;Avv. Marta Bellini&#8221; position=&#8221;Consigliere&#8221;][tm_team_member style=&#8221;2&#8243; social_networks=&#8221;%5B%7B%22icon_fontawesome%22%3A%22fa%20fa-adjust%22%2C%22icon_ion%22%3A%22ion-alert%22%2C%22icon_themify%22%3A%22ti-arrow-up%22%2C%22icon_pe7stroke%22%3A%22pe-7s-album%22%2C%22icon_flat%22%3A%22flaticon-heartbeat%22%2C%22icon_tractor%22%3A%22tractor-chat%22%2C%22icon_icomoon%22%3A%22icomoon-alarm-clock%22%7D%5D&#8221; name=&#8221;Avv. Luca Cal\u00f2&#8221; position=&#8221;Consigliere&#8221;][tm_team_member style=&#8221;2&#8243; social_networks=&#8221;%5B%7B%22icon_fontawesome%22%3A%22fa%20fa-adjust%22%2C%22icon_ion%22%3A%22ion-alert%22%2C%22icon_themify%22%3A%22ti-arrow-up%22%2C%22icon_pe7stroke%22%3A%22pe-7s-album%22%2C%22icon_flat%22%3A%22flaticon-heartbeat%22%2C%22icon_tractor%22%3A%22tractor-chat%22%2C%22icon_icomoon%22%3A%22icomoon-alarm-clock%22%7D%5D&#8221; name=&#8221;Rag. Giorgio Crivellari&#8221; position=&#8221;Consigliere&#8221;][tm_team_member style=&#8221;2&#8243; social_networks=&#8221;%5B%7B%22icon_fontawesome%22%3A%22fa%20fa-adjust%22%2C%22icon_ion%22%3A%22ion-alert%22%2C%22icon_themify%22%3A%22ti-arrow-up%22%2C%22icon_pe7stroke%22%3A%22pe-7s-album%22%2C%22icon_flat%22%3A%22flaticon-heartbeat%22%2C%22icon_tractor%22%3A%22tractor-chat%22%2C%22icon_icomoon%22%3A%22icomoon-alarm-clock%22%7D%5D&#8221; name=&#8221;Dott. Francesco Puccio&#8221; position=&#8221;Consigliere&#8221;][\/tm_grid][tm_spacer size=&#8221;lg:85&#8243;][tm_heading custom_google_font=&#8221;&#8221; align=&#8221;center&#8221; text=&#8221;Presidente Onorario&#8221; font_size=&#8221;md:30;lg:34&#8243;][tm_heading tag=&#8221;p&#8221; custom_google_font=&#8221;&#8221; google_fonts=&#8221;font_family:Poppins%3A300%2Cregular%2C500%2C600%2C700|font_style:700%20bold%20regular%3A700%3Anormal&#8221; font_weight=&#8221;700&#8243; align=&#8221;center&#8221; text=&#8221;Dott. Ezio Busato&#8221; font_size=&#8221;md:20;lg:20&#8243; css=&#8221;.vc_custom_1685699359636{padding-top: 20px !important;}&#8221;][tm_spacer size=&#8221;lg:112&#8243;][\/vc_column][\/vc_row][vc_row full_width=&#8221;stretch_row&#8221; background_color=&#8221;custom&#8221; lg_spacing=&#8221;padding_top:100&#8243; custom_background_color=&#8221;#f7f7f7&#8243;][vc_column][tm_heading custom_google_font=&#8221;&#8221; align=&#8221;center&#8221; text=&#8221;A.P.R.I. Academy&#8221; font_size=&#8221;md:36;lg:40&#8243;][tm_spacer size=&#8221;lg:84&#8243;][tm_grid gutter=&#8221;30&#8243; row_gutter=&#8221;30&#8243; columns=&#8221;xs:1;sm:2;md:3;lg:4&#8243;][tm_team_member style=&#8221;2&#8243; animation=&#8221;none&#8221; social_networks=&#8221;%5B%7B%22icon_fontawesome%22%3A%22fa%20fa-adjust%22%2C%22icon_ion%22%3A%22ion-alert%22%2C%22icon_themify%22%3A%22ti-arrow-up%22%2C%22icon_pe7stroke%22%3A%22pe-7s-album%22%2C%22icon_flat%22%3A%22flaticon-heartbeat%22%2C%22icon_tractor%22%3A%22tractor-chat%22%2C%22icon_icomoon%22%3A%22icomoon-alarm-clock%22%7D%5D&#8221; name=&#8221;Dott. Francesco Diana&#8221; position=&#8221;Responsabile&#8221;][tm_team_member style=&#8221;2&#8243; animation=&#8221;none&#8221; social_networks=&#8221;%5B%7B%22icon_fontawesome%22%3A%22fa%20fa-adjust%22%2C%22icon_ion%22%3A%22ion-alert%22%2C%22icon_themify%22%3A%22ti-arrow-up%22%2C%22icon_pe7stroke%22%3A%22pe-7s-album%22%2C%22icon_flat%22%3A%22flaticon-heartbeat%22%2C%22icon_tractor%22%3A%22tractor-chat%22%2C%22icon_icomoon%22%3A%22icomoon-alarm-clock%22%7D%5D&#8221; name=&#8221;Dott. Marco Biolchini&#8221; position=&#8221;Componente&#8221;][tm_team_member style=&#8221;2&#8243; animation=&#8221;none&#8221; social_networks=&#8221;%5B%7B%22icon_fontawesome%22%3A%22fa%20fa-adjust%22%2C%22icon_ion%22%3A%22ion-alert%22%2C%22icon_themify%22%3A%22ti-arrow-up%22%2C%22icon_pe7stroke%22%3A%22pe-7s-album%22%2C%22icon_flat%22%3A%22flaticon-heartbeat%22%2C%22icon_tractor%22%3A%22tractor-chat%22%2C%22icon_icomoon%22%3A%22icomoon-alarm-clock%22%7D%5D&#8221; name=&#8221;Dott. Claudio Bottos&#8221; position=&#8221;Componente&#8221;][tm_team_member style=&#8221;2&#8243; animation=&#8221;none&#8221; social_networks=&#8221;%5B%7B%22icon_fontawesome%22%3A%22fa%20fa-adjust%22%2C%22icon_ion%22%3A%22ion-alert%22%2C%22icon_themify%22%3A%22ti-arrow-up%22%2C%22icon_pe7stroke%22%3A%22pe-7s-album%22%2C%22icon_flat%22%3A%22flaticon-heartbeat%22%2C%22icon_tractor%22%3A%22tractor-chat%22%2C%22icon_icomoon%22%3A%22icomoon-alarm-clock%22%7D%5D&#8221; name=&#8221;Dott. Simone Braidotti&#8221; position=&#8221;Componente&#8221;][tm_team_member style=&#8221;2&#8243; animation=&#8221;none&#8221; social_networks=&#8221;%5B%7B%22icon_fontawesome%22%3A%22fa%20fa-adjust%22%2C%22icon_ion%22%3A%22ion-alert%22%2C%22icon_themify%22%3A%22ti-arrow-up%22%2C%22icon_pe7stroke%22%3A%22pe-7s-album%22%2C%22icon_flat%22%3A%22flaticon-heartbeat%22%2C%22icon_tractor%22%3A%22tractor-chat%22%2C%22icon_icomoon%22%3A%22icomoon-alarm-clock%22%7D%5D&#8221; name=&#8221;Dott. Antonio Castaldo&#8221; position=&#8221;Componente&#8221;][tm_team_member style=&#8221;2&#8243; animation=&#8221;none&#8221; social_networks=&#8221;%5B%7B%22icon_fontawesome%22%3A%22fa%20fa-adjust%22%2C%22icon_ion%22%3A%22ion-alert%22%2C%22icon_themify%22%3A%22ti-arrow-up%22%2C%22icon_pe7stroke%22%3A%22pe-7s-album%22%2C%22icon_flat%22%3A%22flaticon-heartbeat%22%2C%22icon_tractor%22%3A%22tractor-chat%22%2C%22icon_icomoon%22%3A%22icomoon-alarm-clock%22%7D%5D&#8221; name=&#8221;Dott.ssa Anna Cavagnolo&#8221; position=&#8221;Componente&#8221;][tm_team_member style=&#8221;2&#8243; animation=&#8221;none&#8221; social_networks=&#8221;%5B%7B%22icon_fontawesome%22%3A%22fa%20fa-adjust%22%2C%22icon_ion%22%3A%22ion-alert%22%2C%22icon_themify%22%3A%22ti-arrow-up%22%2C%22icon_pe7stroke%22%3A%22pe-7s-album%22%2C%22icon_flat%22%3A%22flaticon-heartbeat%22%2C%22icon_tractor%22%3A%22tractor-chat%22%2C%22icon_icomoon%22%3A%22icomoon-alarm-clock%22%7D%5D&#8221; name=&#8221;Dott. Giovanni Colmayer&#8221; position=&#8221;Componente&#8221;][tm_team_member style=&#8221;2&#8243; animation=&#8221;none&#8221; social_networks=&#8221;%5B%7B%22icon_fontawesome%22%3A%22fa%20fa-adjust%22%2C%22icon_ion%22%3A%22ion-alert%22%2C%22icon_themify%22%3A%22ti-arrow-up%22%2C%22icon_pe7stroke%22%3A%22pe-7s-album%22%2C%22icon_flat%22%3A%22flaticon-heartbeat%22%2C%22icon_tractor%22%3A%22tractor-chat%22%2C%22icon_icomoon%22%3A%22icomoon-alarm-clock%22%7D%5D&#8221; name=&#8221;Dott.ssa Maria Cristina Cojutti&#8221; position=&#8221;Componente&#8221;][tm_team_member style=&#8221;2&#8243; animation=&#8221;none&#8221; social_networks=&#8221;%5B%7B%22icon_fontawesome%22%3A%22fa%20fa-adjust%22%2C%22icon_ion%22%3A%22ion-alert%22%2C%22icon_themify%22%3A%22ti-arrow-up%22%2C%22icon_pe7stroke%22%3A%22pe-7s-album%22%2C%22icon_flat%22%3A%22flaticon-heartbeat%22%2C%22icon_tractor%22%3A%22tractor-chat%22%2C%22icon_icomoon%22%3A%22icomoon-alarm-clock%22%7D%5D&#8221; name=&#8221;Avv. Giorgio Corno&#8221; position=&#8221;Componente e Resp. Relazioni Internazionali&#8221;][tm_team_member style=&#8221;2&#8243; animation=&#8221;none&#8221; social_networks=&#8221;%5B%7B%22icon_fontawesome%22%3A%22fa%20fa-adjust%22%2C%22icon_ion%22%3A%22ion-alert%22%2C%22icon_themify%22%3A%22ti-arrow-up%22%2C%22icon_pe7stroke%22%3A%22pe-7s-album%22%2C%22icon_flat%22%3A%22flaticon-heartbeat%22%2C%22icon_tractor%22%3A%22tractor-chat%22%2C%22icon_icomoon%22%3A%22icomoon-alarm-clock%22%7D%5D&#8221; name=&#8221;Dott. Amedeo Di Pretoro&#8221; position=&#8221;Componente&#8221;][tm_team_member style=&#8221;2&#8243; animation=&#8221;none&#8221; social_networks=&#8221;%5B%7B%22icon_fontawesome%22%3A%22fa%20fa-adjust%22%2C%22icon_ion%22%3A%22ion-alert%22%2C%22icon_themify%22%3A%22ti-arrow-up%22%2C%22icon_pe7stroke%22%3A%22pe-7s-album%22%2C%22icon_flat%22%3A%22flaticon-heartbeat%22%2C%22icon_tractor%22%3A%22tractor-chat%22%2C%22icon_icomoon%22%3A%22icomoon-alarm-clock%22%7D%5D&#8221; name=&#8221;Dott. Andrea Foschi&#8221; position=&#8221;Componente&#8221;][tm_team_member style=&#8221;2&#8243; animation=&#8221;none&#8221; social_networks=&#8221;%5B%7B%22icon_fontawesome%22%3A%22fa%20fa-adjust%22%2C%22icon_ion%22%3A%22ion-alert%22%2C%22icon_themify%22%3A%22ti-arrow-up%22%2C%22icon_pe7stroke%22%3A%22pe-7s-album%22%2C%22icon_flat%22%3A%22flaticon-heartbeat%22%2C%22icon_tractor%22%3A%22tractor-chat%22%2C%22icon_icomoon%22%3A%22icomoon-alarm-clock%22%7D%5D&#8221; name=&#8221;Avv. Fernanda Gaibini&#8221; position=&#8221;Componente&#8221;][tm_team_member style=&#8221;2&#8243; animation=&#8221;none&#8221; social_networks=&#8221;%5B%7B%22icon_fontawesome%22%3A%22fa%20fa-adjust%22%2C%22icon_ion%22%3A%22ion-alert%22%2C%22icon_themify%22%3A%22ti-arrow-up%22%2C%22icon_pe7stroke%22%3A%22pe-7s-album%22%2C%22icon_flat%22%3A%22flaticon-heartbeat%22%2C%22icon_tractor%22%3A%22tractor-chat%22%2C%22icon_icomoon%22%3A%22icomoon-alarm-clock%22%7D%5D&#8221; name=&#8221;Dott. Angelo Galizzi&#8221; position=&#8221;Componente&#8221;][tm_team_member style=&#8221;2&#8243; animation=&#8221;none&#8221; social_networks=&#8221;%5B%7B%22icon_fontawesome%22%3A%22fa%20fa-adjust%22%2C%22icon_ion%22%3A%22ion-alert%22%2C%22icon_themify%22%3A%22ti-arrow-up%22%2C%22icon_pe7stroke%22%3A%22pe-7s-album%22%2C%22icon_flat%22%3A%22flaticon-heartbeat%22%2C%22icon_tractor%22%3A%22tractor-chat%22%2C%22icon_icomoon%22%3A%22icomoon-alarm-clock%22%7D%5D&#8221; name=&#8221;Dott. Gianluca Lega&#8221; position=&#8221;Componente&#8221;][tm_team_member style=&#8221;2&#8243; animation=&#8221;none&#8221; social_networks=&#8221;%5B%7B%22icon_fontawesome%22%3A%22fa%20fa-adjust%22%2C%22icon_ion%22%3A%22ion-alert%22%2C%22icon_themify%22%3A%22ti-arrow-up%22%2C%22icon_pe7stroke%22%3A%22pe-7s-album%22%2C%22icon_flat%22%3A%22flaticon-heartbeat%22%2C%22icon_tractor%22%3A%22tractor-chat%22%2C%22icon_icomoon%22%3A%22icomoon-alarm-clock%22%7D%5D&#8221; name=&#8221;Dott. Enrico Lombardo&#8221; position=&#8221;Componente&#8221;][tm_team_member style=&#8221;2&#8243; animation=&#8221;none&#8221; social_networks=&#8221;%5B%7B%22icon_fontawesome%22%3A%22fa%20fa-adjust%22%2C%22icon_ion%22%3A%22ion-alert%22%2C%22icon_themify%22%3A%22ti-arrow-up%22%2C%22icon_pe7stroke%22%3A%22pe-7s-album%22%2C%22icon_flat%22%3A%22flaticon-heartbeat%22%2C%22icon_tractor%22%3A%22tractor-chat%22%2C%22icon_icomoon%22%3A%22icomoon-alarm-clock%22%7D%5D&#8221; name=&#8221;Dott. Gerardo Losito&#8221; position=&#8221;Componente&#8221;][tm_team_member style=&#8221;2&#8243; animation=&#8221;none&#8221; social_networks=&#8221;%5B%7B%22icon_fontawesome%22%3A%22fa%20fa-adjust%22%2C%22icon_ion%22%3A%22ion-alert%22%2C%22icon_themify%22%3A%22ti-arrow-up%22%2C%22icon_pe7stroke%22%3A%22pe-7s-album%22%2C%22icon_flat%22%3A%22flaticon-heartbeat%22%2C%22icon_tractor%22%3A%22tractor-chat%22%2C%22icon_icomoon%22%3A%22icomoon-alarm-clock%22%7D%5D&#8221; name=&#8221;Dott.ssa Maria Nese&#8221; position=&#8221;Componente&#8221;][tm_team_member style=&#8221;2&#8243; animation=&#8221;none&#8221; social_networks=&#8221;%5B%7B%22icon_fontawesome%22%3A%22fa%20fa-adjust%22%2C%22icon_ion%22%3A%22ion-alert%22%2C%22icon_themify%22%3A%22ti-arrow-up%22%2C%22icon_pe7stroke%22%3A%22pe-7s-album%22%2C%22icon_flat%22%3A%22flaticon-heartbeat%22%2C%22icon_tractor%22%3A%22tractor-chat%22%2C%22icon_icomoon%22%3A%22icomoon-alarm-clock%22%7D%5D&#8221; name=&#8221;Dott. Michele Piscitelli&#8221; position=&#8221;Componente&#8221;][tm_team_member style=&#8221;2&#8243; animation=&#8221;none&#8221; social_networks=&#8221;%5B%7B%22icon_fontawesome%22%3A%22fa%20fa-adjust%22%2C%22icon_ion%22%3A%22ion-alert%22%2C%22icon_themify%22%3A%22ti-arrow-up%22%2C%22icon_pe7stroke%22%3A%22pe-7s-album%22%2C%22icon_flat%22%3A%22flaticon-heartbeat%22%2C%22icon_tractor%22%3A%22tractor-chat%22%2C%22icon_icomoon%22%3A%22icomoon-alarm-clock%22%7D%5D&#8221; name=&#8221;Dott. Andrea Poli&#8221; position=&#8221;Componente&#8221;][tm_team_member style=&#8221;2&#8243; animation=&#8221;none&#8221; social_networks=&#8221;%5B%7B%22icon_fontawesome%22%3A%22fa%20fa-adjust%22%2C%22icon_ion%22%3A%22ion-alert%22%2C%22icon_themify%22%3A%22ti-arrow-up%22%2C%22icon_pe7stroke%22%3A%22pe-7s-album%22%2C%22icon_flat%22%3A%22flaticon-heartbeat%22%2C%22icon_tractor%22%3A%22tractor-chat%22%2C%22icon_icomoon%22%3A%22icomoon-alarm-clock%22%7D%5D&#8221; name=&#8221;Dott. Anthony Spataro&#8221; position=&#8221;Componente&#8221;][tm_team_member style=&#8221;2&#8243; animation=&#8221;none&#8221; social_networks=&#8221;%5B%7B%22icon_fontawesome%22%3A%22fa%20fa-adjust%22%2C%22icon_ion%22%3A%22ion-alert%22%2C%22icon_themify%22%3A%22ti-arrow-up%22%2C%22icon_pe7stroke%22%3A%22pe-7s-album%22%2C%22icon_flat%22%3A%22flaticon-heartbeat%22%2C%22icon_tractor%22%3A%22tractor-chat%22%2C%22icon_icomoon%22%3A%22icomoon-alarm-clock%22%7D%5D&#8221; name=&#8221;Dott. Renato Tornimbeni&#8221; position=&#8221;Componente&#8221;][tm_team_member style=&#8221;2&#8243; animation=&#8221;none&#8221; social_networks=&#8221;%5B%7B%22icon_fontawesome%22%3A%22fa%20fa-adjust%22%2C%22icon_ion%22%3A%22ion-alert%22%2C%22icon_themify%22%3A%22ti-arrow-up%22%2C%22icon_pe7stroke%22%3A%22pe-7s-album%22%2C%22icon_flat%22%3A%22flaticon-heartbeat%22%2C%22icon_tractor%22%3A%22tractor-chat%22%2C%22icon_icomoon%22%3A%22icomoon-alarm-clock%22%7D%5D&#8221; name=&#8221;Dott.ssa Susanna Zaniboni&#8221; position=&#8221;Componente&#8221;][\/tm_grid][tm_spacer size=&#8221;lg:112&#8243;][\/vc_column][\/vc_row][vc_row full_width=&#8221;stretch_row&#8221; background_color=&#8221;custom&#8221; lg_spacing=&#8221;padding_top:100&#8243;][vc_column][tm_heading custom_google_font=&#8221;&#8221; align=&#8221;center&#8221; text=&#8221;Comitato Scientifico&#8221; font_size=&#8221;md:36;lg:40&#8243;][tm_spacer size=&#8221;lg:84&#8243;][tm_grid gutter=&#8221;30&#8243; row_gutter=&#8221;30&#8243; columns=&#8221;xs:1;sm:2;md:3;lg:4&#8243;][tm_team_member style=&#8221;2&#8243; social_networks=&#8221;%5B%7B%22icon_fontawesome%22%3A%22fa%20fa-adjust%22%2C%22icon_ion%22%3A%22ion-alert%22%2C%22icon_themify%22%3A%22ti-arrow-up%22%2C%22icon_pe7stroke%22%3A%22pe-7s-album%22%2C%22icon_flat%22%3A%22flaticon-heartbeat%22%2C%22icon_tractor%22%3A%22tractor-chat%22%2C%22icon_icomoon%22%3A%22icomoon-alarm-clock%22%7D%5D&#8221; name=&#8221;Prof. Alessandro Danovi&#8221; position=&#8221;Presidente&#8221;][tm_team_member style=&#8221;2&#8243; social_networks=&#8221;%5B%7B%22icon_fontawesome%22%3A%22fa%20fa-adjust%22%2C%22icon_ion%22%3A%22ion-alert%22%2C%22icon_themify%22%3A%22ti-arrow-up%22%2C%22icon_pe7stroke%22%3A%22pe-7s-album%22%2C%22icon_flat%22%3A%22flaticon-heartbeat%22%2C%22icon_tractor%22%3A%22tractor-chat%22%2C%22icon_icomoon%22%3A%22icomoon-alarm-clock%22%7D%5D&#8221; name=&#8221;Prof. Avv. Nicol\u00f2 Abriani&#8221; position=&#8221;Componente&#8221;][tm_team_member style=&#8221;2&#8243; social_networks=&#8221;%5B%7B%22icon_fontawesome%22%3A%22fa%20fa-adjust%22%2C%22icon_ion%22%3A%22ion-alert%22%2C%22icon_themify%22%3A%22ti-arrow-up%22%2C%22icon_pe7stroke%22%3A%22pe-7s-album%22%2C%22icon_flat%22%3A%22flaticon-heartbeat%22%2C%22icon_tractor%22%3A%22tractor-chat%22%2C%22icon_icomoon%22%3A%22icomoon-alarm-clock%22%7D%5D&#8221; name=&#8221;Prof. Marco Allegrini&#8221; position=&#8221;Componente&#8221;][tm_team_member style=&#8221;2&#8243; social_networks=&#8221;%5B%7B%22icon_fontawesome%22%3A%22fa%20fa-adjust%22%2C%22icon_ion%22%3A%22ion-alert%22%2C%22icon_themify%22%3A%22ti-arrow-up%22%2C%22icon_pe7stroke%22%3A%22pe-7s-album%22%2C%22icon_flat%22%3A%22flaticon-heartbeat%22%2C%22icon_tractor%22%3A%22tractor-chat%22%2C%22icon_icomoon%22%3A%22icomoon-alarm-clock%22%7D%5D&#8221; name=&#8221;Prof. Avv. Stefano Ambrosini&#8221; position=&#8221;Componente&#8221;][tm_team_member style=&#8221;2&#8243; social_networks=&#8221;%5B%7B%22icon_fontawesome%22%3A%22fa%20fa-adjust%22%2C%22icon_ion%22%3A%22ion-alert%22%2C%22icon_themify%22%3A%22ti-arrow-up%22%2C%22icon_pe7stroke%22%3A%22pe-7s-album%22%2C%22icon_flat%22%3A%22flaticon-heartbeat%22%2C%22icon_tractor%22%3A%22tractor-chat%22%2C%22icon_icomoon%22%3A%22icomoon-alarm-clock%22%7D%5D&#8221; name=&#8221;Prof. Avv. Luigi Balestra&#8221; position=&#8221;Componente&#8221;][tm_team_member style=&#8221;2&#8243; social_networks=&#8221;%5B%7B%22icon_fontawesome%22%3A%22fa%20fa-adjust%22%2C%22icon_ion%22%3A%22ion-alert%22%2C%22icon_themify%22%3A%22ti-arrow-up%22%2C%22icon_pe7stroke%22%3A%22pe-7s-album%22%2C%22icon_flat%22%3A%22flaticon-heartbeat%22%2C%22icon_tractor%22%3A%22tractor-chat%22%2C%22icon_icomoon%22%3A%22icomoon-alarm-clock%22%7D%5D&#8221; name=&#8221;Prof. Avv. Sido Bonfatti&#8221; position=&#8221;Componente&#8221;][tm_team_member style=&#8221;2&#8243; social_networks=&#8221;%5B%7B%22icon_fontawesome%22%3A%22fa%20fa-adjust%22%2C%22icon_ion%22%3A%22ion-alert%22%2C%22icon_themify%22%3A%22ti-arrow-up%22%2C%22icon_pe7stroke%22%3A%22pe-7s-album%22%2C%22icon_flat%22%3A%22flaticon-heartbeat%22%2C%22icon_tractor%22%3A%22tractor-chat%22%2C%22icon_icomoon%22%3A%22icomoon-alarm-clock%22%7D%5D&#8221; name=&#8221;Prof.ssa Greta Cestari&#8221; position=&#8221;Componente&#8221;][tm_team_member style=&#8221;2&#8243; social_networks=&#8221;%5B%7B%22icon_fontawesome%22%3A%22fa%20fa-adjust%22%2C%22icon_ion%22%3A%22ion-alert%22%2C%22icon_themify%22%3A%22ti-arrow-up%22%2C%22icon_pe7stroke%22%3A%22pe-7s-album%22%2C%22icon_flat%22%3A%22flaticon-heartbeat%22%2C%22icon_tractor%22%3A%22tractor-chat%22%2C%22icon_icomoon%22%3A%22icomoon-alarm-clock%22%7D%5D&#8221; name=&#8221;Prof. Maurizio Comoli&#8221; position=&#8221;Componente&#8221;][tm_team_member style=&#8221;2&#8243; social_networks=&#8221;%5B%7B%22icon_fontawesome%22%3A%22fa%20fa-adjust%22%2C%22icon_ion%22%3A%22ion-alert%22%2C%22icon_themify%22%3A%22ti-arrow-up%22%2C%22icon_pe7stroke%22%3A%22pe-7s-album%22%2C%22icon_flat%22%3A%22flaticon-heartbeat%22%2C%22icon_tractor%22%3A%22tractor-chat%22%2C%22icon_icomoon%22%3A%22icomoon-alarm-clock%22%7D%5D&#8221; name=&#8221;Prof. Avv. Giuseppe Ferri&#8221; position=&#8221;Componente&#8221;][tm_team_member style=&#8221;2&#8243; social_networks=&#8221;%5B%7B%22icon_fontawesome%22%3A%22fa%20fa-adjust%22%2C%22icon_ion%22%3A%22ion-alert%22%2C%22icon_themify%22%3A%22ti-arrow-up%22%2C%22icon_pe7stroke%22%3A%22pe-7s-album%22%2C%22icon_flat%22%3A%22flaticon-heartbeat%22%2C%22icon_tractor%22%3A%22tractor-chat%22%2C%22icon_icomoon%22%3A%22icomoon-alarm-clock%22%7D%5D&#8221; name=&#8221;Prof. Stefano Garzella&#8221; position=&#8221;Componente&#8221;][tm_team_member style=&#8221;2&#8243; social_networks=&#8221;%5B%7B%22icon_fontawesome%22%3A%22fa%20fa-adjust%22%2C%22icon_ion%22%3A%22ion-alert%22%2C%22icon_themify%22%3A%22ti-arrow-up%22%2C%22icon_pe7stroke%22%3A%22pe-7s-album%22%2C%22icon_flat%22%3A%22flaticon-heartbeat%22%2C%22icon_tractor%22%3A%22tractor-chat%22%2C%22icon_icomoon%22%3A%22icomoon-alarm-clock%22%7D%5D&#8221; name=&#8221;Prof.ssa Avv. Stefania Pacchi&#8221; position=&#8221;Componente&#8221;][tm_team_member style=&#8221;2&#8243; social_networks=&#8221;%5B%7B%22icon_fontawesome%22%3A%22fa%20fa-adjust%22%2C%22icon_ion%22%3A%22ion-alert%22%2C%22icon_themify%22%3A%22ti-arrow-up%22%2C%22icon_pe7stroke%22%3A%22pe-7s-album%22%2C%22icon_flat%22%3A%22flaticon-heartbeat%22%2C%22icon_tractor%22%3A%22tractor-chat%22%2C%22icon_icomoon%22%3A%22icomoon-alarm-clock%22%7D%5D&#8221; name=&#8221;Dott.ssa Alida Paluchowski&#8221; position=&#8221;Componente&#8221;][tm_team_member style=&#8221;2&#8243; social_networks=&#8221;%5B%7B%22icon_fontawesome%22%3A%22fa%20fa-adjust%22%2C%22icon_ion%22%3A%22ion-alert%22%2C%22icon_themify%22%3A%22ti-arrow-up%22%2C%22icon_pe7stroke%22%3A%22pe-7s-album%22%2C%22icon_flat%22%3A%22flaticon-heartbeat%22%2C%22icon_tractor%22%3A%22tractor-chat%22%2C%22icon_icomoon%22%3A%22icomoon-alarm-clock%22%7D%5D&#8221; [&hellip;]<\/p>\n","protected":false},"author":1,"featured_media":0,"parent":0,"menu_order":0,"comment_status":"closed","ping_status":"closed","template":"","meta":{"footnotes":""},"class_list":["post-2948","page","type-page","status-publish","hentry"],"yoast_head":"<!-- This site is optimized with the Yoast SEO plugin v26.0 - https:\/\/yoast.com\/wordpress\/plugins\/seo\/ -->\n<title>APRI: l&#039;Associazione dei professionisti per la gestione delle crisi d&#039;impresa<\/title>\n<meta name=\"description\" content=\"APRI \u00e8 l&#039;associazione senza scopo di lucro, formata da professionisti specializzati in prevenzione, gestione e risanamento crisi d&#039;impresa.\" \/>\n<meta name=\"robots\" content=\"index, follow, max-snippet:-1, max-image-preview:large, max-video-preview:-1\" \/>\n<link rel=\"canonical\" href=\"https:\/\/www.assoapri.it\/it\/chi-siamo\/\" \/>\n<meta property=\"og:locale\" content=\"it_IT\" \/>\n<meta property=\"og:type\" content=\"article\" \/>\n<meta property=\"og:title\" content=\"APRI: l&#039;Associazione dei professionisti per la gestione delle crisi d&#039;impresa\" \/>\n<meta property=\"og:description\" content=\"APRI \u00e8 l&#039;associazione senza scopo di lucro, formata da professionisti specializzati in prevenzione, gestione e risanamento crisi d&#039;impresa.\" \/>\n<meta property=\"og:url\" content=\"https:\/\/www.assoapri.it\/it\/chi-siamo\/\" \/>\n<meta property=\"og:site_name\" content=\"APRI\" \/>\n<meta property=\"article:modified_time\" content=\"2024-10-22T13:33:46+00:00\" \/>\n<meta property=\"og:image\" content=\"https:\/\/www.assoapri.it\/it\/wp-content\/uploads\/2018\/07\/home-apri.png\" \/>\n\t<meta property=\"og:image:width\" content=\"1331\" \/>\n\t<meta property=\"og:image:height\" content=\"604\" \/>\n\t<meta property=\"og:image:type\" content=\"image\/png\" \/>\n<meta name=\"twitter:card\" content=\"summary_large_image\" \/>\n<meta name=\"twitter:title\" content=\"APRI: l&#039;Associazione dei professionisti per la gestione delle crisi d&#039;impresa\" \/>\n<meta name=\"twitter:description\" content=\"APRI \u00e8 l&#039;associazione senza scopo di lucro, formata da professionisti specializzati in prevenzione, gestione e risanamento crisi d&#039;impresa.\" \/>\n<meta name=\"twitter:label1\" content=\"Tempo di lettura stimato\" \/>\n\t<meta name=\"twitter:data1\" content=\"7 minuti\" \/>\n<script type=\"application\/ld+json\" class=\"yoast-schema-graph\">{\"@context\":\"https:\/\/schema.org\",\"@graph\":[{\"@type\":\"WebPage\",\"@id\":\"https:\/\/www.assoapri.it\/it\/chi-siamo\/\",\"url\":\"https:\/\/www.assoapri.it\/it\/chi-siamo\/\",\"name\":\"APRI: l'Associazione dei professionisti per la gestione delle crisi d'impresa\",\"isPartOf\":{\"@id\":\"https:\/\/www.assoapri.it\/it\/#website\"},\"datePublished\":\"2018-07-11T02:38:54+00:00\",\"dateModified\":\"2024-10-22T13:33:46+00:00\",\"description\":\"APRI \u00e8 l'associazione senza scopo di lucro, formata da professionisti specializzati in prevenzione, gestione e risanamento crisi d'impresa.\",\"breadcrumb\":{\"@id\":\"https:\/\/www.assoapri.it\/it\/chi-siamo\/#breadcrumb\"},\"inLanguage\":\"it-IT\",\"potentialAction\":[{\"@type\":\"ReadAction\",\"target\":[\"https:\/\/www.assoapri.it\/it\/chi-siamo\/\"]}]},{\"@type\":\"BreadcrumbList\",\"@id\":\"https:\/\/www.assoapri.it\/it\/chi-siamo\/#breadcrumb\",\"itemListElement\":[{\"@type\":\"ListItem\",\"position\":1,\"name\":\"Home\",\"item\":\"https:\/\/www.assoapri.it\/it\/\"},{\"@type\":\"ListItem\",\"position\":2,\"name\":\"Chi Siamo\"}]},{\"@type\":\"WebSite\",\"@id\":\"https:\/\/www.assoapri.it\/it\/#website\",\"url\":\"https:\/\/www.assoapri.it\/it\/\",\"name\":\"APRI\",\"description\":\"\",\"publisher\":{\"@id\":\"https:\/\/www.assoapri.it\/it\/#organization\"},\"potentialAction\":[{\"@type\":\"SearchAction\",\"target\":{\"@type\":\"EntryPoint\",\"urlTemplate\":\"https:\/\/www.assoapri.it\/it\/?s={search_term_string}\"},\"query-input\":{\"@type\":\"PropertyValueSpecification\",\"valueRequired\":true,\"valueName\":\"search_term_string\"}}],\"inLanguage\":\"it-IT\"},{\"@type\":\"Organization\",\"@id\":\"https:\/\/www.assoapri.it\/it\/#organization\",\"name\":\"APRI Associazione Professionisti Risanamento Imprese\",\"url\":\"https:\/\/www.assoapri.it\/it\/\",\"logo\":{\"@type\":\"ImageObject\",\"inLanguage\":\"it-IT\",\"@id\":\"https:\/\/www.assoapri.it\/it\/#\/schema\/logo\/image\/\",\"url\":\"https:\/\/www.assoapri.it\/it\/wp-content\/uploads\/2020\/02\/associazione-apri.jpg\",\"contentUrl\":\"https:\/\/www.assoapri.it\/it\/wp-content\/uploads\/2020\/02\/associazione-apri.jpg\",\"width\":363,\"height\":117,\"caption\":\"APRI Associazione Professionisti Risanamento Imprese\"},\"image\":{\"@id\":\"https:\/\/www.assoapri.it\/it\/#\/schema\/logo\/image\/\"},\"sameAs\":[\"https:\/\/www.linkedin.com\/company\/assoapri\/\"]}]}<\/script>\n<!-- \/ Yoast SEO plugin. -->","yoast_head_json":{"title":"APRI: l'Associazione dei professionisti per la gestione delle crisi d'impresa","description":"APRI \u00e8 l'associazione senza scopo di lucro, formata da professionisti specializzati in prevenzione, gestione e risanamento crisi d'impresa.","robots":{"index":"index","follow":"follow","max-snippet":"max-snippet:-1","max-image-preview":"max-image-preview:large","max-video-preview":"max-video-preview:-1"},"canonical":"https:\/\/www.assoapri.it\/it\/chi-siamo\/","og_locale":"it_IT","og_type":"article","og_title":"APRI: l'Associazione dei professionisti per la gestione delle crisi d'impresa","og_description":"APRI \u00e8 l'associazione senza scopo di lucro, formata da professionisti specializzati in prevenzione, gestione e risanamento crisi d'impresa.","og_url":"https:\/\/www.assoapri.it\/it\/chi-siamo\/","og_site_name":"APRI","article_modified_time":"2024-10-22T13:33:46+00:00","og_image":[{"width":1331,"height":604,"url":"https:\/\/www.assoapri.it\/it\/wp-content\/uploads\/2018\/07\/home-apri.png","type":"image\/png"}],"twitter_card":"summary_large_image","twitter_title":"APRI: l'Associazione dei professionisti per la gestione delle crisi d'impresa","twitter_description":"APRI \u00e8 l'associazione senza scopo di lucro, formata da professionisti specializzati in prevenzione, gestione e risanamento crisi d'impresa.","twitter_misc":{"Tempo di lettura stimato":"7 minuti"},"schema":{"@context":"https:\/\/schema.org","@graph":[{"@type":"WebPage","@id":"https:\/\/www.assoapri.it\/it\/chi-siamo\/","url":"https:\/\/www.assoapri.it\/it\/chi-siamo\/","name":"APRI: l'Associazione dei professionisti per la gestione delle crisi d'impresa","isPartOf":{"@id":"https:\/\/www.assoapri.it\/it\/#website"},"datePublished":"2018-07-11T02:38:54+00:00","dateModified":"2024-10-22T13:33:46+00:00","description":"APRI \u00e8 l'associazione senza scopo di lucro, formata da professionisti specializzati in prevenzione, gestione e risanamento crisi d'impresa.","breadcrumb":{"@id":"https:\/\/www.assoapri.it\/it\/chi-siamo\/#breadcrumb"},"inLanguage":"it-IT","potentialAction":[{"@type":"ReadAction","target":["https:\/\/www.assoapri.it\/it\/chi-siamo\/"]}]},{"@type":"BreadcrumbList","@id":"https:\/\/www.assoapri.it\/it\/chi-siamo\/#breadcrumb","itemListElement":[{"@type":"ListItem","position":1,"name":"Home","item":"https:\/\/www.assoapri.it\/it\/"},{"@type":"ListItem","position":2,"name":"Chi Siamo"}]},{"@type":"WebSite","@id":"https:\/\/www.assoapri.it\/it\/#website","url":"https:\/\/www.assoapri.it\/it\/","name":"APRI","description":"","publisher":{"@id":"https:\/\/www.assoapri.it\/it\/#organization"},"potentialAction":[{"@type":"SearchAction","target":{"@type":"EntryPoint","urlTemplate":"https:\/\/www.assoapri.it\/it\/?s={search_term_string}"},"query-input":{"@type":"PropertyValueSpecification","valueRequired":true,"valueName":"search_term_string"}}],"inLanguage":"it-IT"},{"@type":"Organization","@id":"https:\/\/www.assoapri.it\/it\/#organization","name":"APRI Associazione Professionisti Risanamento Imprese","url":"https:\/\/www.assoapri.it\/it\/","logo":{"@type":"ImageObject","inLanguage":"it-IT","@id":"https:\/\/www.assoapri.it\/it\/#\/schema\/logo\/image\/","url":"https:\/\/www.assoapri.it\/it\/wp-content\/uploads\/2020\/02\/associazione-apri.jpg","contentUrl":"https:\/\/www.assoapri.it\/it\/wp-content\/uploads\/2020\/02\/associazione-apri.jpg","width":363,"height":117,"caption":"APRI Associazione Professionisti Risanamento Imprese"},"image":{"@id":"https:\/\/www.assoapri.it\/it\/#\/schema\/logo\/image\/"},"sameAs":["https:\/\/www.linkedin.com\/company\/assoapri\/"]}]}},"_links":{"self":[{"href":"https:\/\/www.assoapri.it\/it\/wp-json\/wp\/v2\/pages\/2948","targetHints":{"allow":["GET"]}}],"collection":[{"href":"https:\/\/www.assoapri.it\/it\/wp-json\/wp\/v2\/pages"}],"about":[{"href":"https:\/\/www.assoapri.it\/it\/wp-json\/wp\/v2\/types\/page"}],"author":[{"embeddable":true,"href":"https:\/\/www.assoapri.it\/it\/wp-json\/wp\/v2\/users\/1"}],"replies":[{"embeddable":true,"href":"https:\/\/www.assoapri.it\/it\/wp-json\/wp\/v2\/comments?post=2948"}],"version-history":[{"count":46,"href":"https:\/\/www.assoapri.it\/it\/wp-json\/wp\/v2\/pages\/2948\/revisions"}],"predecessor-version":[{"id":8226,"href":"https:\/\/www.assoapri.it\/it\/wp-json\/wp\/v2\/pages\/2948\/revisions\/8226"}],"wp:attachment":[{"href":"https:\/\/www.assoapri.it\/it\/wp-json\/wp\/v2\/media?parent=2948"}],"curies":[{"name":"wp","href":"https:\/\/api.w.org\/{rel}","templated":true}]}}